{"id":114,"date":"2023-12-07T11:11:12","date_gmt":"2023-12-07T10:11:12","guid":{"rendered":"https:\/\/msig-europe.be\/fr\/?post_type=msa_product&#038;p=114"},"modified":"2026-01-08T10:53:16","modified_gmt":"2026-01-08T09:53:16","slug":"responsabilite-civile-generale-2","status":"publish","type":"msa_product","link":"https:\/\/msig-europe.be\/fr\/produits\/responsabilite-civile-generale-2\/","title":{"rendered":"Responsabilit\u00e9 Civile g\u00e9n\u00e9rale"},"content":{"rendered":"\n\t<div data-name=\"acf\/block-hero\" class=\"alignwide\" >\n\t\t<div data-component=\"hero-image-square\" class=\"flex flex-col gap-8 mt-8 break-words lg:gap-12 xl:gap-44 lg:items-center lg:flex-row lg:mb-12 text-zoom-md:flex-col\">\n\t<div class=\"lg:max-w-[38.75rem]\">\n\t\t<div\n\t\t\tdata-module=\"animate\"\n\t\t\tclass=\"duration-300 translate-y-6 opacity-0\"\n\t\t\tdata-animate-classes=\"[&quot;opacity-100!&quot;,&quot;translate-y-0!&quot;]\"\n\t\t\tdata-animate-after=\"100\"\n\t\t>\n\t\t\t<h1 class=\"mb-3 text-xl font-normal sm:text-2xl lg:text-3xl md:mb-6 font-heading\">Responsabilit\u00e9 Civile g\u00e9n\u00e9rale<\/h1>\n\t\t<\/div>\n\n\t\t\t<\/div>\n\n\t<div class=\"mx-auto lg:mt-8 lg:order-first xl:shrink-0 lg:mx-0 xl:ml-12\">\n\t\t<div class=\"max-w-[25rem]\">\n\t\t\t<div class=\"relative\">\n\t<div\n\t\tdata-module=\"animate\"\n\t\tdata-animate-classes=\"[&quot;opacity-100!&quot;,&quot;scale-100!&quot;]\"\n\t\tclass=\"relative p-10 duration-500 scale-75 opacity-0 image:aspect-square image:rounded-full image:w-full image:h-full image:object-cover\"\n\t>\n\t\t<img fetchpriority=\"high\" decoding=\"async\" width=\"990\" height=\"990\" src=\"https:\/\/msig-europe.be\/fr\/wp-content\/uploads\/sites\/4\/2023\/12\/ResponsabilitieCilvielGeneral-990x990.webp\" class=\"attachment-large-square size-large-square\" alt=\"\" loading=\"eager\" sizes=\"(max-width: 1023px) 320px, 600px\" srcset=\"https:\/\/msig-europe.be\/fr\/wp-content\/uploads\/sites\/4\/2023\/12\/ResponsabilitieCilvielGeneral-990x990.webp 990w, https:\/\/msig-europe.be\/fr\/wp-content\/uploads\/sites\/4\/2023\/12\/ResponsabilitieCilvielGeneral-150x150.webp 150w, https:\/\/msig-europe.be\/fr\/wp-content\/uploads\/sites\/4\/2023\/12\/ResponsabilitieCilvielGeneral-495x495.webp 495w\" \/>\n\t<\/div>\n\t<img\n\t\tdata-module=\"animate\"\n\t\tdata-animate-classes=\"[&quot;rotate-0!&quot;]\"\n\t\tclass=\"absolute inset-0 object-cover w-full h-full duration-500 -rotate-12 z-[1]\"\n\t\tsrc=\"https:\/\/msig-europe.be\/fr\/wp-content\/themes\/msig-europe\/public\/svg\/hero-shape.svg\"\n\t\twidth=\"630\"\n\t\theight=\"630\"\n\t\talt=\"\"\n\t\/>\n<\/div>\n\t\t<\/div>\n\t<\/div>\n<\/div>\n\t<\/div>\n\n\n\n<p>Le durcissement de la l\u00e9gislation, une jurisprudence toujours plus s\u00e9v\u00e8re, sont autant de facteurs qui impactent la responsabilit\u00e9 civile de votre entreprise.\u200b&nbsp;<\/p>\n\n\n\n<p>En collaboration \u00e9troite avec votre courtier, MSIG Europe vous accompagne, quelle que soit l\u2019activit\u00e9 ou la taille de votre entreprise, pour offrir une couverture compl\u00e8te et adapt\u00e9e \u00e0 votre entreprise, y compris pour ses implantations \u00e0 l\u2019\u00e9tranger.\u00a0<\/p>\n\n\n\n\t<div data-name=\"acf\/block-usps\" class=\"alignfull block\" >\n\t\t<div class=\"relative py-6 md:py-14 bg-base-100 xl:md:py-[90px]\">\n\n\t\t\t<div class=\"absolute -right-[220px] -top-[80px] xl:-top-[120px] pointer-events-none\" aria-hidden=\"true\">\n\t\t\t\t<svg aria-hidden=\"true\" class=\"w-[360px] h-[360px] xl:w-[440px] xl:h-[440px]\" width=\"50\" height=\"46\" viewBox=\"0 0 400 370\" fill=\"none\" xmlns=\"http:\/\/www.w3.org\/2000\/svg\"><path d=\"M197.788 369.7c-14.8 0-29.5-4.9-42.6-14.5-23.2-17.2-47.201-37.1-74.1-62.6-26.9-25.5-47.9-48.1-66-70.1-20-24.2-20.4-54.7.5-78.2 18.5-21.6 39.9-44 67.3-69 27.3-25 51.699-44.5 75.199-61.3 13-9.3 27.701-14 42.301-14 14.7 0 29.3 4.8 42 14.6 23.2 17.2 47.299 37.2 74.199 62.7s48.001 48.2 66.101 70.1c21.3 25.8 21 52.9-.8 78.3-18.5 21.6-39.901 43.9-67.301 69-27.4 25-51.599 44.5-75.199 61.2-12.8 9.3-27.2 13.8-41.6 13.8Z\" fill=\"#1B1464\" fill-opacity=\".07\"\/><\/svg>\n\n\t\t\t\t<svg aria-hidden=\"true\" class=\"relative w-[110px] h-[110px] -top-[335px] left-[5px] xl:h-[140px] xl:w-[140px] xl:-top-[425px]\" width=\"50\" height=\"46\" viewBox=\"0 0 400 370\" fill=\"none\" xmlns=\"http:\/\/www.w3.org\/2000\/svg\"><path d=\"M197.788 369.7c-14.8 0-29.5-4.9-42.6-14.5-23.2-17.2-47.201-37.1-74.1-62.6-26.9-25.5-47.9-48.1-66-70.1-20-24.2-20.4-54.7.5-78.2 18.5-21.6 39.9-44 67.3-69 27.3-25 51.699-44.5 75.199-61.3 13-9.3 27.701-14 42.301-14 14.7 0 29.3 4.8 42 14.6 23.2 17.2 47.299 37.2 74.199 62.7s48.001 48.2 66.101 70.1c21.3 25.8 21 52.9-.8 78.3-18.5 21.6-39.901 43.9-67.301 69-27.4 25-51.599 44.5-75.199 61.2-12.8 9.3-27.2 13.8-41.6 13.8Z\" fill=\"#1B1464\" fill-opacity=\".07\"\/><\/svg>\n\t\t\t<\/div>\n\n\t\t\t<div class=\"ll-container\">\n\t\t\t\t\t\t\t\t\n\t\t\t\t<div class=\"flex flex-col gap-8 xl:grid xl:grid-cols-12\">\n\t\t\t\t\t<h2 class=\"text-xl font-light text-marine md:text-2xl xl:text-3xl break-words xl:col-span-3 sm:max-w-4xl lg:max-w-5xl\">Nos atouts<\/h2>\n\n\t\t\t\t\t\t\t\t\t\t\n\t\t\t\t\t<ul class=\"grid grid-cols-1 gap-8 md:grid-cols-2 xl:gap-y-16 xl:gap-x-8 xl:col-span-9\">\n\t\t\t\t\t\t\t\t\t\t\t\t\t<li>\n\t\t\t\t\t\t\t\t<div data-component=\"USP\" class=\"flex items-start w-full gap-4 break-words\">\n\t<div class=\"relative w-[56px] h-[52px] xl:w-[75px] xl:h-[69px]\">\n\t\t<svg aria-hidden=\"true\" class=\"w-[56px] h-[52px] xl:w-[75px] xl:h-[69px]\" width=\"76\" height=\"72\" viewBox=\"0 0 76 72\" fill=\"none\" xmlns=\"http:\/\/www.w3.org\/2000\/svg\"><path d=\"m4.04 42.282-.003-.003c-3.376-4.114-3.41-9.146.06-13.074l.01-.01.009-.01c3.488-4.101 7.527-8.359 12.709-13.12l.002-.001c5.163-4.76 9.77-8.467 14.203-11.658C33.266 2.796 35.766 2 38.221 2c2.467 0 4.929.808 7.091 2.488l.012.01.011.008c4.375 3.266 8.926 7.067 14.014 11.924 5.092 4.86 9.074 9.175 12.484 13.329 1.865 2.274 2.688 4.483 2.667 6.58-.022 2.099-.891 4.293-2.801 6.533l-.001.001c-3.486 4.099-7.525 8.337-12.71 13.12-5.186 4.764-9.754 8.469-14.198 11.635l-.008.006-.007.005C42.587 69.24 40.149 70 37.725 70c-2.479 0-4.973-.824-7.231-2.49-4.374-3.265-8.905-7.047-13.992-11.902-5.091-4.86-9.054-9.154-12.463-13.326Z\"  stroke=\"#E11F27\" stroke-width=\"3\" fill=\"transparent\"\/><\/svg>\n\n\t\t<div class=\"absolute -translate-x-1\/2 -translate-y-1\/2 top-1\/2 left-1\/2\">\n\t\t\t<span class=\"icon icon-check-fat text-md xl:text-lg text-marine\" aria-hidden=\"true\"><svg width=\"24\" height=\"24\" viewBox=\"0 0 24 24\" xmlns=\"http:\/\/www.w3.org\/2000\/svg\"><path fill-rule=\"evenodd\" clip-rule=\"evenodd\" d=\"M20.81 5.94a1.5 1.5 0 0 1 0 2.12l-10.5 10.5a1.5 1.5 0 0 1-2.12 0l-5.25-5.25a1.5 1.5 0 0 1 2.12-2.12l4.19 4.189 9.44-9.44a1.5 1.5 0 0 1 2.12 0Z\"\/><\/svg>\n<\/span>\n\t\t<\/div>\n\t<\/div>\n\t<div class=\"flex flex-col min-w-0 gap-2\">\n\t\t<h3 class=\"font-semibold text-md xl:text-lg\">Une relation partenariale avec votre courtier.<\/h3>\n\t\t<div class=\"ll-wysiwyg-small\">\n\t\t\t<p>Une collaboration solide et p\u00e9renne avec nos courtiers.<\/p>\n\n\t\t<\/div>\n\t<\/div>\n<\/div>\n\t\t\t\t\t\t\t<\/li>\n\t\t\t\t\t\t\t\t\t\t\t\t\t<li>\n\t\t\t\t\t\t\t\t<div data-component=\"USP\" class=\"flex items-start w-full gap-4 break-words\">\n\t<div class=\"relative w-[56px] h-[52px] xl:w-[75px] xl:h-[69px]\">\n\t\t<svg aria-hidden=\"true\" class=\"w-[56px] h-[52px] xl:w-[75px] xl:h-[69px]\" width=\"76\" height=\"72\" viewBox=\"0 0 76 72\" fill=\"none\" xmlns=\"http:\/\/www.w3.org\/2000\/svg\"><path d=\"m4.04 42.282-.003-.003c-3.376-4.114-3.41-9.146.06-13.074l.01-.01.009-.01c3.488-4.101 7.527-8.359 12.709-13.12l.002-.001c5.163-4.76 9.77-8.467 14.203-11.658C33.266 2.796 35.766 2 38.221 2c2.467 0 4.929.808 7.091 2.488l.012.01.011.008c4.375 3.266 8.926 7.067 14.014 11.924 5.092 4.86 9.074 9.175 12.484 13.329 1.865 2.274 2.688 4.483 2.667 6.58-.022 2.099-.891 4.293-2.801 6.533l-.001.001c-3.486 4.099-7.525 8.337-12.71 13.12-5.186 4.764-9.754 8.469-14.198 11.635l-.008.006-.007.005C42.587 69.24 40.149 70 37.725 70c-2.479 0-4.973-.824-7.231-2.49-4.374-3.265-8.905-7.047-13.992-11.902-5.091-4.86-9.054-9.154-12.463-13.326Z\"  stroke=\"#E11F27\" stroke-width=\"3\" fill=\"transparent\"\/><\/svg>\n\n\t\t<div class=\"absolute -translate-x-1\/2 -translate-y-1\/2 top-1\/2 left-1\/2\">\n\t\t\t<span class=\"icon icon-check-fat text-md xl:text-lg text-marine\" aria-hidden=\"true\"><svg width=\"24\" height=\"24\" viewBox=\"0 0 24 24\" xmlns=\"http:\/\/www.w3.org\/2000\/svg\"><path fill-rule=\"evenodd\" clip-rule=\"evenodd\" d=\"M20.81 5.94a1.5 1.5 0 0 1 0 2.12l-10.5 10.5a1.5 1.5 0 0 1-2.12 0l-5.25-5.25a1.5 1.5 0 0 1 2.12-2.12l4.19 4.189 9.44-9.44a1.5 1.5 0 0 1 2.12 0Z\"\/><\/svg>\n<\/span>\n\t\t<\/div>\n\t<\/div>\n\t<div class=\"flex flex-col min-w-0 gap-2\">\n\t\t<h3 class=\"font-semibold text-md xl:text-lg\">La qualit\u00e9 du service client au c\u0153ur de notre engagement.<\/h3>\n\t\t<div class=\"ll-wysiwyg-small\">\n\t\t\t<p><span class=\"TextRun SCXW241314847 BCX0\" lang=\"FR-FR\" xml:lang=\"FR-FR\" data-contrast=\"auto\"><span class=\"NormalTextRun SCXW241314847 BCX0\">Des souscripteurs seniors et experts dans leur domaine, un service <\/span><\/span><span class=\"TextRun SCXW241314847 BCX0\" lang=\"FR-FR\" xml:lang=\"FR-FR\" data-contrast=\"none\"><span class=\"NormalTextRun SCXW241314847 BCX0\">sinistre<\/span> <\/span><span class=\"TextRun SCXW241314847 BCX0\" lang=\"FR-FR\" xml:lang=\"FR-FR\" data-contrast=\"auto\"><span class=\"NormalTextRun SCXW241314847 BCX0\">engag\u00e9 et performant.<\/span><\/span><span class=\"EOP SCXW241314847 BCX0\" data-ccp-props=\"{}\">\u00a0<\/span><\/p>\n\n\t\t<\/div>\n\t<\/div>\n<\/div>\n\t\t\t\t\t\t\t<\/li>\n\t\t\t\t\t\t\t\t\t\t\t\t\t<li>\n\t\t\t\t\t\t\t\t<div data-component=\"USP\" class=\"flex items-start w-full gap-4 break-words\">\n\t<div class=\"relative w-[56px] h-[52px] xl:w-[75px] xl:h-[69px]\">\n\t\t<svg aria-hidden=\"true\" class=\"w-[56px] h-[52px] xl:w-[75px] xl:h-[69px]\" width=\"76\" height=\"72\" viewBox=\"0 0 76 72\" fill=\"none\" xmlns=\"http:\/\/www.w3.org\/2000\/svg\"><path d=\"m4.04 42.282-.003-.003c-3.376-4.114-3.41-9.146.06-13.074l.01-.01.009-.01c3.488-4.101 7.527-8.359 12.709-13.12l.002-.001c5.163-4.76 9.77-8.467 14.203-11.658C33.266 2.796 35.766 2 38.221 2c2.467 0 4.929.808 7.091 2.488l.012.01.011.008c4.375 3.266 8.926 7.067 14.014 11.924 5.092 4.86 9.074 9.175 12.484 13.329 1.865 2.274 2.688 4.483 2.667 6.58-.022 2.099-.891 4.293-2.801 6.533l-.001.001c-3.486 4.099-7.525 8.337-12.71 13.12-5.186 4.764-9.754 8.469-14.198 11.635l-.008.006-.007.005C42.587 69.24 40.149 70 37.725 70c-2.479 0-4.973-.824-7.231-2.49-4.374-3.265-8.905-7.047-13.992-11.902-5.091-4.86-9.054-9.154-12.463-13.326Z\"  stroke=\"#E11F27\" stroke-width=\"3\" fill=\"transparent\"\/><\/svg>\n\n\t\t<div class=\"absolute -translate-x-1\/2 -translate-y-1\/2 top-1\/2 left-1\/2\">\n\t\t\t<span class=\"icon icon-check-fat text-md xl:text-lg text-marine\" aria-hidden=\"true\"><svg width=\"24\" height=\"24\" viewBox=\"0 0 24 24\" xmlns=\"http:\/\/www.w3.org\/2000\/svg\"><path fill-rule=\"evenodd\" clip-rule=\"evenodd\" d=\"M20.81 5.94a1.5 1.5 0 0 1 0 2.12l-10.5 10.5a1.5 1.5 0 0 1-2.12 0l-5.25-5.25a1.5 1.5 0 0 1 2.12-2.12l4.19 4.189 9.44-9.44a1.5 1.5 0 0 1 2.12 0Z\"\/><\/svg>\n<\/span>\n\t\t<\/div>\n\t<\/div>\n\t<div class=\"flex flex-col min-w-0 gap-2\">\n\t\t<h3 class=\"font-semibold text-md xl:text-lg\">Des solutions sur-mesure.<\/h3>\n\t\t<div class=\"ll-wysiwyg-small\">\n\t\t\t<p><span class=\"TextRun SCXW165592282 BCX0\" lang=\"FR-FR\" xml:lang=\"FR-FR\" data-contrast=\"auto\"><span class=\"NormalTextRun SCXW165592282 BCX0\">Une approche personnalis\u00e9e pour adapter notre couverture \u00e0 chaque entreprise, y compris sur des risques <\/span><\/span><span class=\"TextRun SCXW165592282 BCX0\" lang=\"FR-FR\" xml:lang=\"FR-FR\" data-contrast=\"none\"><span class=\"NormalTextRun SCXW165592282 BCX0\">non standard.<\/span><\/span><\/p>\n\n\t\t<\/div>\n\t<\/div>\n<\/div>\n\t\t\t\t\t\t\t<\/li>\n\t\t\t\t\t\t\t\t\t\t\t\t\t<li>\n\t\t\t\t\t\t\t\t<div data-component=\"USP\" class=\"flex items-start w-full gap-4 break-words\">\n\t<div class=\"relative w-[56px] h-[52px] xl:w-[75px] xl:h-[69px]\">\n\t\t<svg aria-hidden=\"true\" class=\"w-[56px] h-[52px] xl:w-[75px] xl:h-[69px]\" width=\"76\" height=\"72\" viewBox=\"0 0 76 72\" fill=\"none\" xmlns=\"http:\/\/www.w3.org\/2000\/svg\"><path d=\"m4.04 42.282-.003-.003c-3.376-4.114-3.41-9.146.06-13.074l.01-.01.009-.01c3.488-4.101 7.527-8.359 12.709-13.12l.002-.001c5.163-4.76 9.77-8.467 14.203-11.658C33.266 2.796 35.766 2 38.221 2c2.467 0 4.929.808 7.091 2.488l.012.01.011.008c4.375 3.266 8.926 7.067 14.014 11.924 5.092 4.86 9.074 9.175 12.484 13.329 1.865 2.274 2.688 4.483 2.667 6.58-.022 2.099-.891 4.293-2.801 6.533l-.001.001c-3.486 4.099-7.525 8.337-12.71 13.12-5.186 4.764-9.754 8.469-14.198 11.635l-.008.006-.007.005C42.587 69.24 40.149 70 37.725 70c-2.479 0-4.973-.824-7.231-2.49-4.374-3.265-8.905-7.047-13.992-11.902-5.091-4.86-9.054-9.154-12.463-13.326Z\"  stroke=\"#E11F27\" stroke-width=\"3\" fill=\"transparent\"\/><\/svg>\n\n\t\t<div class=\"absolute -translate-x-1\/2 -translate-y-1\/2 top-1\/2 left-1\/2\">\n\t\t\t<span class=\"icon icon-check-fat text-md xl:text-lg text-marine\" aria-hidden=\"true\"><svg width=\"24\" height=\"24\" viewBox=\"0 0 24 24\" xmlns=\"http:\/\/www.w3.org\/2000\/svg\"><path fill-rule=\"evenodd\" clip-rule=\"evenodd\" d=\"M20.81 5.94a1.5 1.5 0 0 1 0 2.12l-10.5 10.5a1.5 1.5 0 0 1-2.12 0l-5.25-5.25a1.5 1.5 0 0 1 2.12-2.12l4.19 4.189 9.44-9.44a1.5 1.5 0 0 1 2.12 0Z\"\/><\/svg>\n<\/span>\n\t\t<\/div>\n\t<\/div>\n\t<div class=\"flex flex-col min-w-0 gap-2\">\n\t\t<h3 class=\"font-semibold text-md xl:text-lg\">Couverture \u00e0 l\u2019international.<\/h3>\n\t\t<div class=\"ll-wysiwyg-small\">\n\t\t\t<p><span class=\"TextRun SCXW173816870 BCX0\" lang=\"FR-FR\" xml:lang=\"FR-FR\" data-contrast=\"auto\"><span class=\"NormalTextRun SCXW173816870 BCX0\">Une couverture au-del\u00e0 de la Belgique gr\u00e2ce \u00e0 notre r\u00e9seau international.<\/span><\/span><span class=\"EOP SCXW173816870 BCX0\" data-ccp-props=\"{}\">\u00a0<\/span><\/p>\n\n\t\t<\/div>\n\t<\/div>\n<\/div>\n\t\t\t\t\t\t\t<\/li>\n\t\t\t\t\t\t\t\t\t\t\t<\/ul>\n\t\t\t\t<\/div>\n\t\t\t<\/div>\n\n\t\t\t<div class=\"absolute -left-[150px] -bottom-[80px] md:-left-[120px] md:-bottom-[60px] xl:-left-[180px] pointer-events-none\" aria-hidden=\"true\">\n\t\t\t\t<svg aria-hidden=\"true\" class=\"w-[300px] h-[300px] xl:w-[400px] xl:h-[400px]\" width=\"50\" height=\"46\" viewBox=\"0 0 400 370\" fill=\"none\" xmlns=\"http:\/\/www.w3.org\/2000\/svg\"><path d=\"M197.788 369.7c-14.8 0-29.5-4.9-42.6-14.5-23.2-17.2-47.201-37.1-74.1-62.6-26.9-25.5-47.9-48.1-66-70.1-20-24.2-20.4-54.7.5-78.2 18.5-21.6 39.9-44 67.3-69 27.3-25 51.699-44.5 75.199-61.3 13-9.3 27.701-14 42.301-14 14.7 0 29.3 4.8 42 14.6 23.2 17.2 47.299 37.2 74.199 62.7s48.001 48.2 66.101 70.1c21.3 25.8 21 52.9-.8 78.3-18.5 21.6-39.901 43.9-67.301 69-27.4 25-51.599 44.5-75.199 61.2-12.8 9.3-27.2 13.8-41.6 13.8Z\" fill=\"#1B1464\" fill-opacity=\".07\"\/><\/svg>\n\t\t\t<\/div>\n\t\t<\/div>\n\t<\/div>\n\n\n\n<h2 class=\"wp-block-heading\">Les risques couverts&nbsp;<\/h2>\n\n\n\n<p>Nous couvrons l\u2019ensemble des risques de responsabilit\u00e9 civile en cas de dommages ou pr\u00e9judices caus\u00e9s par votre entreprise :&nbsp;<\/p>\n\n\n\n<ul class=\"wp-block-list\">\n<li>dans le cadre de son activit\u00e9 ou du fait de ses produits, des services ou travaux r\u00e9alis\u00e9s<\/li>\n\n\n\n<li>la couverture des objets confi\u00e9s \u00e0 votre entreprise<\/li>\n\n\n\n<li>de nombreuses&nbsp; extensions possibles comme le rappel de produit, extension pour les dommages immat\u00e9riels, pose-d\u00e9pose&nbsp;<\/li>\n\n\n\n<li>la couverture de la <a href=\"https:\/\/msig-europe.be\/fr\/produits\/responsabilite-civile-professionnelle\/\">responsabilit\u00e9 professionnelle<\/a> sp\u00e9cifique de nombreuses activit\u00e9s<\/li>\n<\/ul>\n\n\n\n<p><strong>Notre assurance juridique compl\u00e9mentaire <\/strong>couvre les frais de d\u00e9pense p\u00e9nale, recours civil, insolvabilit\u00e9 des tiers, avance sur indemnit\u00e9.<\/p>\n\n\n\n<p><strong>Notre r\u00e9seau international \u00e9tendu <\/strong>nous permet de couvrir les implantations de votre entreprise \u00e0 l\u2019\u00e9tranger. <\/p>\n\n\n\n<p><strong>Pour compl\u00e9ter la couverture de votre entreprise<\/strong>; nous proposons l\u2019assurance de <a href=\"https:\/\/msig-europe.be\/fr\/produits\/directors-officers-insurance-2\/\">la responsabilit\u00e9 des dirigeants<\/a> et la RC environnementale en cas d\u2019atteinte \u00e0 l\u2019environnement.<\/p>\n\n\n\n<p><strong>Parlez en avec votre courtier.<\/strong><\/p>\n\n\n\n<p>*<em>Information simplifi\u00e9e, se r\u00e9f\u00e9rer aux documents contractuels pour le d\u00e9tail des garanties et conditions<\/em><\/p>\n\n\n\n\t<div data-name=\"acf\/block-featured-links\" class=\"alignwide block\" >\n\n\t\t<div class=\"flex flex-col gap-4\">\n\t\t\t\t\t\t\t<h2 class=\"font-semibold text-md lg:text-lg\">En savoir plus<\/h2>\n\t\t\t\n\t\t\t<ul class=\"flex flex-wrap gap-4\">\n\t\t\t\t\t\t\t\t\t<li>\n\t\t\t\t\t\t\n\n\n\n\n\n<a\n\tclass=\"group hocus:no-underline btn btn-outline  \"\n\t\t\thref=\"https&#x3A;&#x2F;&#x2F;msig-europe.be&#x2F;fr&#x2F;responsabilite-civile-generale-documents&#x2F;\"\n\t\t\t\t\t\t\t\t\t\t\t\t\t>\n\t\n\t\t\t<span data-button-text class=\"group-hover:underline group-focus-visible:underline group-active:no-underline!\">\n\t\t\tResponsabilit\u00e9 Civile g\u00e9n\u00e9rale \u2013 Documents\n\t\t<\/span>\n\n\t\t\n\t\n\t\n\t\t\t\n\t\t\t\t\t\n\t\n\t\t\t<span class=\"transition-transform group-hover:translate-x-0.5 group-focus-visible:translate-x-0.5 flex items-center justify-center icon group-expanded:hidden\" aria-hidden=\"true\"><svg width=\"24\" height=\"24\" viewBox=\"0 0 24 24\" xmlns=\"http:\/\/www.w3.org\/2000\/svg\"><path d=\"m21.046 12.796-6.75 6.75a1.127 1.127 0 1 1-1.594-1.594l4.83-4.827H3.75a1.125 1.125 0 1 1 0-2.25h13.781l-4.827-4.83a1.127 1.127 0 1 1 1.594-1.594l6.75 6.75a1.125 1.125 0 0 1-.002 1.595Z\"\/><\/svg>\n<\/span>\n\n\t\t\t\n\t<\/a>\n\t\t\t\t\t<\/li>\n\t\t\t\t\t\t\t<\/ul>\n\t\t<\/div>\n\t<\/div>\n\n\n\n\t<div data-name=\"acf\/block-products\" class=\"alignwide block\" >\n\t\t\n\t\t<div class=\"flex flex-col gap-4\">\n\n\t\t\t\t\t\t\t<h2 class=\"mb-4 text-lg font-semibold font-heading text-marine\">Offres compl\u00e9mentaires<\/h2>\n\t\t\t\n\t\t\t<ul class=\"grid items-stretch grid-cols-1 gap-4 sm:gap-8 lg:grid-cols-4 text-zoom-lg:grid-cols-2\">\n\t\t\t\t\n\t\t\t\t\t\t\t\t\t\t\n\t\t\t\t\t<li>\n\t\t\t\t\t\t<div data-component=\"teaser-product\" class=\"relative flex flex-col h-full overflow-hidden rounded-lg bg-marine sm:flex-row lg:p-0 lg:gap-0 lg:flex-col hocus:-translate-y-0.5 transition-transform break-words\">\n\n\t\t\t<div class=\"overflow-hidden image:w-full image:object-cover aspect-video md:max-w-[306px] lg:max-w-none\">\n\t\t\t<img loading=\"lazy\" decoding=\"async\" width=\"1024\" height=\"683\" src=\"https:\/\/msig-europe.be\/fr\/wp-content\/uploads\/sites\/4\/2024\/01\/Peoplemeeting-1024x683.jpg\" class=\"attachment-large size-large\" alt=\"\" srcset=\"https:\/\/msig-europe.be\/fr\/wp-content\/uploads\/sites\/4\/2024\/01\/Peoplemeeting-1024x683.jpg 1024w, https:\/\/msig-europe.be\/fr\/wp-content\/uploads\/sites\/4\/2024\/01\/Peoplemeeting-300x200.jpg 300w, https:\/\/msig-europe.be\/fr\/wp-content\/uploads\/sites\/4\/2024\/01\/Peoplemeeting-768x512.jpg 768w, https:\/\/msig-europe.be\/fr\/wp-content\/uploads\/sites\/4\/2024\/01\/Peoplemeeting-1536x1024.jpg 1536w, https:\/\/msig-europe.be\/fr\/wp-content\/uploads\/sites\/4\/2024\/01\/Peoplemeeting-2048x1365.jpg 2048w\" sizes=\"auto, (max-width: 1024px) 100vw, 1024px\" \/>\n\t\t<\/div>\n\t\n\t<div class=\"flex flex-col gap-4 p-6 md:p-10 lg:p-6\">\n\t\t<div class=\"flex flex-col\">\n\t\t\t<div class=\"order-2\">\n\t\t\t\t\t\t\t\t<h3 class=\"font-semibold text-md sm:text-lg md:text-lg lg:text-md\">\n\t\t\t\t\t<a href=\"https:\/\/msig-europe.be\/fr\/produits\/directors-officers-insurance-2\/\" class=\"absolute-link hocus:underline text-base-50\">\n\t\t\t\t\t\tResponsabilit\u00e9 du dirigeant\n\t\t\t\t\t<\/a>\n\t\t\t\t<\/h3>\n\t\t\t<\/div>\n\n\t\t\t\t\t\t\t<div class=\"mb-2 md:mb-4\">\n\t\t\t\t\t\t\t\t\t\n\t<ul data-component=\"list-badges\" class=\"flex flex-wrap gap-2 items-center text-sm\" aria-label=\"Plac\u00e9 dans le type d'assurance\">\n\t\t\t\t\t<li class=\"min-w-0\">\n\t\t\t\t\t\n\n\n\t<div  data-component=\"badge\" class=\"text-sm font-semibold relative border-2 py-[1px] px-2 rounded-xl bg-transparent border-base-50 text-base-50 \">\n\t\tCasualty\n\t<\/div>\n\t\t\t<\/li>\n\t\t\t<\/ul>\n\t\t\t\t<\/div>\n\t\t\t\t\t<\/div>\n\t<\/div>\n<\/div>\n\t\t\t\t\t<\/li>\n\t\t\t\t\n\t\t\t\t\t\t\t\t\t\t\n\t\t\t\t\t<li>\n\t\t\t\t\t\t<div data-component=\"teaser-product\" class=\"relative flex flex-col h-full overflow-hidden rounded-lg bg-marine sm:flex-row lg:p-0 lg:gap-0 lg:flex-col hocus:-translate-y-0.5 transition-transform break-words\">\n\n\t\t\t<div class=\"overflow-hidden image:w-full image:object-cover aspect-video md:max-w-[306px] lg:max-w-none\">\n\t\t\t<img loading=\"lazy\" decoding=\"async\" width=\"1024\" height=\"683\" src=\"https:\/\/msig-europe.be\/fr\/wp-content\/uploads\/sites\/4\/2024\/01\/WomanShakingHands-1024x683.jpg\" class=\"attachment-large size-large\" alt=\"\" srcset=\"https:\/\/msig-europe.be\/fr\/wp-content\/uploads\/sites\/4\/2024\/01\/WomanShakingHands-1024x683.jpg 1024w, https:\/\/msig-europe.be\/fr\/wp-content\/uploads\/sites\/4\/2024\/01\/WomanShakingHands-300x200.jpg 300w, https:\/\/msig-europe.be\/fr\/wp-content\/uploads\/sites\/4\/2024\/01\/WomanShakingHands-768x512.jpg 768w, https:\/\/msig-europe.be\/fr\/wp-content\/uploads\/sites\/4\/2024\/01\/WomanShakingHands-1536x1024.jpg 1536w, https:\/\/msig-europe.be\/fr\/wp-content\/uploads\/sites\/4\/2024\/01\/WomanShakingHands-2048x1365.jpg 2048w\" sizes=\"auto, (max-width: 1024px) 100vw, 1024px\" \/>\n\t\t<\/div>\n\t\n\t<div class=\"flex flex-col gap-4 p-6 md:p-10 lg:p-6\">\n\t\t<div class=\"flex flex-col\">\n\t\t\t<div class=\"order-2\">\n\t\t\t\t\t\t\t\t<h3 class=\"font-semibold text-md sm:text-lg md:text-lg lg:text-md\">\n\t\t\t\t\t<a href=\"https:\/\/msig-europe.be\/fr\/produits\/responsabilite-civile-professionnelle\/\" class=\"absolute-link hocus:underline text-base-50\">\n\t\t\t\t\t\tResponsabilit\u00e9 Civile professionnelle\n\t\t\t\t\t<\/a>\n\t\t\t\t<\/h3>\n\t\t\t<\/div>\n\n\t\t\t\t\t\t\t<div class=\"mb-2 md:mb-4\">\n\t\t\t\t\t\t\t\t\t\n\t<ul data-component=\"list-badges\" class=\"flex flex-wrap gap-2 items-center text-sm\" aria-label=\"Plac\u00e9 dans le type d'assurance\">\n\t\t\t\t\t<li class=\"min-w-0\">\n\t\t\t\t\t\n\n\n\t<div  data-component=\"badge\" class=\"text-sm font-semibold relative border-2 py-[1px] px-2 rounded-xl bg-transparent border-base-50 text-base-50 \">\n\t\tCasualty\n\t<\/div>\n\t\t\t<\/li>\n\t\t\t<\/ul>\n\t\t\t\t<\/div>\n\t\t\t\t\t<\/div>\n\t<\/div>\n<\/div>\n\t\t\t\t\t<\/li>\n\t\t\t\t\t\t\t<\/ul>\n\n\t\t\t\t\t<\/div>\n\t<\/div>\n\n\n\n\t<div data-name=\"acf\/block-featured-links\" class=\"alignwide block\" >\n\n\t\t<div class=\"flex flex-col gap-4\">\n\t\t\t\n\t\t\t<ul class=\"flex flex-wrap gap-4\">\n\t\t\t\t\t\t\t\t\t<li>\n\t\t\t\t\t\t\n\n\n\n\n\n<a\n\tclass=\"group hocus:no-underline btn btn-outline  \"\n\t\t\thref=\"https&#x3A;&#x2F;&#x2F;msig-europe.be&#x2F;fr&#x2F;espace-courtiers&#x2F;\"\n\t\t\t\t\t\t\t\t\t\t\t\t\t>\n\t\n\t\t\t<span data-button-text class=\"group-hover:underline group-focus-visible:underline group-active:no-underline!\">\n\t\t\tEspace Courtiers\n\t\t<\/span>\n\n\t\t\n\t\n\t\n\t\t\t\n\t\t\t\t\t\n\t\n\t\t\t<span class=\"transition-transform group-hover:translate-x-0.5 group-focus-visible:translate-x-0.5 flex items-center justify-center icon group-expanded:hidden\" aria-hidden=\"true\"><svg width=\"24\" height=\"24\" viewBox=\"0 0 24 24\" xmlns=\"http:\/\/www.w3.org\/2000\/svg\"><path d=\"m21.046 12.796-6.75 6.75a1.127 1.127 0 1 1-1.594-1.594l4.83-4.827H3.75a1.125 1.125 0 1 1 0-2.25h13.781l-4.827-4.83a1.127 1.127 0 1 1 1.594-1.594l6.75 6.75a1.125 1.125 0 0 1-.002 1.595Z\"\/><\/svg>\n<\/span>\n\n\t\t\t\n\t<\/a>\n\t\t\t\t\t<\/li>\n\t\t\t\t\t\t\t<\/ul>\n\t\t<\/div>\n\t<\/div>\n","protected":false},"excerpt":{"rendered":"<p>Le durcissement de la l\u00e9gislation, une jurisprudence toujours plus s\u00e9v\u00e8re, sont autant de facteurs qui impactent la responsabilit\u00e9 civile de votre entreprise.\u200b&nbsp; En collaboration \u00e9troite avec votre courtier, MSIG Europe vous accompagne, quelle que soit l\u2019activit\u00e9 ou la taille de votre entreprise, pour offrir une couverture compl\u00e8te et adapt\u00e9e \u00e0 votre entreprise, y compris pour [&hellip;]<\/p>\n","protected":false},"featured_media":232,"parent":0,"menu_order":0,"template":"","meta":{"_acf_changed":false,"editor_notices":[]},"msa_insurance_type_tax":[25],"msa_internal_label":[6],"class_list":["post-114","msa_product","type-msa_product","status-publish","has-post-thumbnail","hentry","msa_insurance_type_tax-casualty","msa_internal_label-end-client"],"acf":[],"yoast_head":"<!-- This site is optimized with the Yoast SEO plugin v27.3 - https:\/\/yoast.com\/product\/yoast-seo-wordpress\/ -->\n<title>Assurance RC g\u00e9n\u00e9rale pour entreprise - MSIG Europe<\/title>\n<meta name=\"description\" content=\"Couverture compl\u00e8te si votre entreprise est responsable de dommages mat\u00e9riels, corporels et immat\u00e9riels. Solutions sur mesure adapt\u00e9es.\" \/>\n<meta name=\"robots\" content=\"index, follow, max-snippet:-1, max-image-preview:large, max-video-preview:-1\" \/>\n<link rel=\"canonical\" href=\"https:\/\/msig-europe.be\/fr\/produits\/responsabilite-civile-generale-2\/\" \/>\n<meta property=\"og:locale\" content=\"fr_FR\" \/>\n<meta property=\"og:type\" content=\"article\" \/>\n<meta property=\"og:title\" content=\"Assurance RC g\u00e9n\u00e9rale pour entreprise - MSIG Europe\" \/>\n<meta property=\"og:description\" content=\"Couverture compl\u00e8te si votre entreprise est responsable de dommages mat\u00e9riels, corporels et immat\u00e9riels. Solutions sur mesure adapt\u00e9es.\" \/>\n<meta property=\"og:url\" content=\"https:\/\/msig-europe.be\/fr\/produits\/responsabilite-civile-generale-2\/\" \/>\n<meta property=\"og:site_name\" content=\"MSIG Europe\" \/>\n<meta property=\"article:modified_time\" content=\"2026-01-08T09:53:16+00:00\" \/>\n<meta property=\"og:image\" content=\"https:\/\/msig-europe.be\/fr\/wp-content\/uploads\/sites\/4\/2023\/12\/ResponsabilitieCilvielGeneral.webp\" \/>\n\t<meta property=\"og:image:width\" content=\"2120\" \/>\n\t<meta property=\"og:image:height\" content=\"1414\" \/>\n\t<meta property=\"og:image:type\" content=\"image\/webp\" \/>\n<meta name=\"twitter:card\" content=\"summary_large_image\" \/>\n<meta name=\"twitter:label1\" content=\"Dur\u00e9e de lecture est.\" \/>\n\t<meta name=\"twitter:data1\" content=\"2 minutes\" \/>\n<script type=\"application\/ld+json\" class=\"yoast-schema-graph\">{\"@context\":\"https:\\\/\\\/schema.org\",\"@graph\":[{\"@type\":\"WebPage\",\"@id\":\"https:\\\/\\\/msig-europe.be\\\/fr\\\/produits\\\/responsabilite-civile-generale-2\\\/\",\"url\":\"https:\\\/\\\/msig-europe.be\\\/fr\\\/produits\\\/responsabilite-civile-generale-2\\\/\",\"name\":\"Assurance RC g\u00e9n\u00e9rale pour entreprise - MSIG Europe\",\"isPartOf\":{\"@id\":\"https:\\\/\\\/msig-europe.be\\\/fr\\\/#website\"},\"primaryImageOfPage\":{\"@id\":\"https:\\\/\\\/msig-europe.be\\\/fr\\\/produits\\\/responsabilite-civile-generale-2\\\/#primaryimage\"},\"image\":{\"@id\":\"https:\\\/\\\/msig-europe.be\\\/fr\\\/produits\\\/responsabilite-civile-generale-2\\\/#primaryimage\"},\"thumbnailUrl\":\"https:\\\/\\\/msig-europe.be\\\/fr\\\/wp-content\\\/uploads\\\/sites\\\/4\\\/2023\\\/12\\\/ResponsabilitieCilvielGeneral.webp\",\"datePublished\":\"2023-12-07T10:11:12+00:00\",\"dateModified\":\"2026-01-08T09:53:16+00:00\",\"description\":\"Couverture compl\u00e8te si votre entreprise est responsable de dommages mat\u00e9riels, corporels et immat\u00e9riels. Solutions sur mesure adapt\u00e9es.\",\"breadcrumb\":{\"@id\":\"https:\\\/\\\/msig-europe.be\\\/fr\\\/produits\\\/responsabilite-civile-generale-2\\\/#breadcrumb\"},\"inLanguage\":\"fr-BE\",\"potentialAction\":[{\"@type\":\"ReadAction\",\"target\":[\"https:\\\/\\\/msig-europe.be\\\/fr\\\/produits\\\/responsabilite-civile-generale-2\\\/\"]}]},{\"@type\":\"ImageObject\",\"inLanguage\":\"fr-BE\",\"@id\":\"https:\\\/\\\/msig-europe.be\\\/fr\\\/produits\\\/responsabilite-civile-generale-2\\\/#primaryimage\",\"url\":\"https:\\\/\\\/msig-europe.be\\\/fr\\\/wp-content\\\/uploads\\\/sites\\\/4\\\/2023\\\/12\\\/ResponsabilitieCilvielGeneral.webp\",\"contentUrl\":\"https:\\\/\\\/msig-europe.be\\\/fr\\\/wp-content\\\/uploads\\\/sites\\\/4\\\/2023\\\/12\\\/ResponsabilitieCilvielGeneral.webp\",\"width\":2120,\"height\":1414},{\"@type\":\"BreadcrumbList\",\"@id\":\"https:\\\/\\\/msig-europe.be\\\/fr\\\/produits\\\/responsabilite-civile-generale-2\\\/#breadcrumb\",\"itemListElement\":[{\"@type\":\"ListItem\",\"position\":1,\"name\":\"Accueil\",\"item\":\"https:\\\/\\\/msig-europe.be\\\/fr\\\/\"},{\"@type\":\"ListItem\",\"position\":2,\"name\":\"Solutions\",\"item\":\"https:\\\/\\\/msig-europe.be\\\/fr\\\/produits\\\/\"},{\"@type\":\"ListItem\",\"position\":3,\"name\":\"Responsabilit\u00e9 Civile g\u00e9n\u00e9rale\"}]},{\"@type\":\"WebSite\",\"@id\":\"https:\\\/\\\/msig-europe.be\\\/fr\\\/#website\",\"url\":\"https:\\\/\\\/msig-europe.be\\\/fr\\\/\",\"name\":\"MSIG Europe\",\"description\":\"Building trust together\",\"publisher\":{\"@id\":\"https:\\\/\\\/msig-europe.be\\\/fr\\\/#organization\"},\"alternateName\":\"MSIG Europe\",\"potentialAction\":[{\"@type\":\"SearchAction\",\"target\":{\"@type\":\"EntryPoint\",\"urlTemplate\":\"https:\\\/\\\/msig-europe.be\\\/fr\\\/?s={search_term_string}\"},\"query-input\":{\"@type\":\"PropertyValueSpecification\",\"valueRequired\":true,\"valueName\":\"search_term_string\"}}],\"inLanguage\":\"fr-BE\"},{\"@type\":\"Organization\",\"@id\":\"https:\\\/\\\/msig-europe.be\\\/fr\\\/#organization\",\"name\":\"MSIG Europe\",\"alternateName\":\"MSIG Europe\",\"url\":\"https:\\\/\\\/msig-europe.be\\\/fr\\\/\",\"logo\":{\"@type\":\"ImageObject\",\"inLanguage\":\"fr-BE\",\"@id\":\"https:\\\/\\\/msig-europe.be\\\/fr\\\/#\\\/schema\\\/logo\\\/image\\\/\",\"url\":\"https:\\\/\\\/msig-europe.be\\\/fr\\\/wp-content\\\/uploads\\\/sites\\\/4\\\/2025\\\/06\\\/MSIG_Europe_standard_CMYK_png-scaled.png\",\"contentUrl\":\"https:\\\/\\\/msig-europe.be\\\/fr\\\/wp-content\\\/uploads\\\/sites\\\/4\\\/2025\\\/06\\\/MSIG_Europe_standard_CMYK_png-scaled.png\",\"width\":2560,\"height\":1017,\"caption\":\"MSIG Europe\"},\"image\":{\"@id\":\"https:\\\/\\\/msig-europe.be\\\/fr\\\/#\\\/schema\\\/logo\\\/image\\\/\"}}]}<\/script>\n<!-- \/ Yoast SEO plugin. -->","yoast_head_json":{"title":"Assurance RC g\u00e9n\u00e9rale pour entreprise - MSIG Europe","description":"Couverture compl\u00e8te si votre entreprise est responsable de dommages mat\u00e9riels, corporels et immat\u00e9riels. Solutions sur mesure adapt\u00e9es.","robots":{"index":"index","follow":"follow","max-snippet":"max-snippet:-1","max-image-preview":"max-image-preview:large","max-video-preview":"max-video-preview:-1"},"canonical":"https:\/\/msig-europe.be\/fr\/produits\/responsabilite-civile-generale-2\/","og_locale":"fr_FR","og_type":"article","og_title":"Assurance RC g\u00e9n\u00e9rale pour entreprise - MSIG Europe","og_description":"Couverture compl\u00e8te si votre entreprise est responsable de dommages mat\u00e9riels, corporels et immat\u00e9riels. Solutions sur mesure adapt\u00e9es.","og_url":"https:\/\/msig-europe.be\/fr\/produits\/responsabilite-civile-generale-2\/","og_site_name":"MSIG Europe","article_modified_time":"2026-01-08T09:53:16+00:00","og_image":[{"width":2120,"height":1414,"url":"https:\/\/msig-europe.be\/fr\/wp-content\/uploads\/sites\/4\/2023\/12\/ResponsabilitieCilvielGeneral.webp","type":"image\/webp"}],"twitter_card":"summary_large_image","twitter_misc":{"Dur\u00e9e de lecture est.":"2 minutes"},"schema":{"@context":"https:\/\/schema.org","@graph":[{"@type":"WebPage","@id":"https:\/\/msig-europe.be\/fr\/produits\/responsabilite-civile-generale-2\/","url":"https:\/\/msig-europe.be\/fr\/produits\/responsabilite-civile-generale-2\/","name":"Assurance RC g\u00e9n\u00e9rale pour entreprise - MSIG Europe","isPartOf":{"@id":"https:\/\/msig-europe.be\/fr\/#website"},"primaryImageOfPage":{"@id":"https:\/\/msig-europe.be\/fr\/produits\/responsabilite-civile-generale-2\/#primaryimage"},"image":{"@id":"https:\/\/msig-europe.be\/fr\/produits\/responsabilite-civile-generale-2\/#primaryimage"},"thumbnailUrl":"https:\/\/msig-europe.be\/fr\/wp-content\/uploads\/sites\/4\/2023\/12\/ResponsabilitieCilvielGeneral.webp","datePublished":"2023-12-07T10:11:12+00:00","dateModified":"2026-01-08T09:53:16+00:00","description":"Couverture compl\u00e8te si votre entreprise est responsable de dommages mat\u00e9riels, corporels et immat\u00e9riels. Solutions sur mesure adapt\u00e9es.","breadcrumb":{"@id":"https:\/\/msig-europe.be\/fr\/produits\/responsabilite-civile-generale-2\/#breadcrumb"},"inLanguage":"fr-BE","potentialAction":[{"@type":"ReadAction","target":["https:\/\/msig-europe.be\/fr\/produits\/responsabilite-civile-generale-2\/"]}]},{"@type":"ImageObject","inLanguage":"fr-BE","@id":"https:\/\/msig-europe.be\/fr\/produits\/responsabilite-civile-generale-2\/#primaryimage","url":"https:\/\/msig-europe.be\/fr\/wp-content\/uploads\/sites\/4\/2023\/12\/ResponsabilitieCilvielGeneral.webp","contentUrl":"https:\/\/msig-europe.be\/fr\/wp-content\/uploads\/sites\/4\/2023\/12\/ResponsabilitieCilvielGeneral.webp","width":2120,"height":1414},{"@type":"BreadcrumbList","@id":"https:\/\/msig-europe.be\/fr\/produits\/responsabilite-civile-generale-2\/#breadcrumb","itemListElement":[{"@type":"ListItem","position":1,"name":"Accueil","item":"https:\/\/msig-europe.be\/fr\/"},{"@type":"ListItem","position":2,"name":"Solutions","item":"https:\/\/msig-europe.be\/fr\/produits\/"},{"@type":"ListItem","position":3,"name":"Responsabilit\u00e9 Civile g\u00e9n\u00e9rale"}]},{"@type":"WebSite","@id":"https:\/\/msig-europe.be\/fr\/#website","url":"https:\/\/msig-europe.be\/fr\/","name":"MSIG Europe","description":"Building trust together","publisher":{"@id":"https:\/\/msig-europe.be\/fr\/#organization"},"alternateName":"MSIG Europe","potentialAction":[{"@type":"SearchAction","target":{"@type":"EntryPoint","urlTemplate":"https:\/\/msig-europe.be\/fr\/?s={search_term_string}"},"query-input":{"@type":"PropertyValueSpecification","valueRequired":true,"valueName":"search_term_string"}}],"inLanguage":"fr-BE"},{"@type":"Organization","@id":"https:\/\/msig-europe.be\/fr\/#organization","name":"MSIG Europe","alternateName":"MSIG Europe","url":"https:\/\/msig-europe.be\/fr\/","logo":{"@type":"ImageObject","inLanguage":"fr-BE","@id":"https:\/\/msig-europe.be\/fr\/#\/schema\/logo\/image\/","url":"https:\/\/msig-europe.be\/fr\/wp-content\/uploads\/sites\/4\/2025\/06\/MSIG_Europe_standard_CMYK_png-scaled.png","contentUrl":"https:\/\/msig-europe.be\/fr\/wp-content\/uploads\/sites\/4\/2025\/06\/MSIG_Europe_standard_CMYK_png-scaled.png","width":2560,"height":1017,"caption":"MSIG Europe"},"image":{"@id":"https:\/\/msig-europe.be\/fr\/#\/schema\/logo\/image\/"}}]}},"distributor_meta":false,"distributor_terms":false,"distributor_media":false,"distributor_original_site_name":"MSIG Europe","distributor_original_site_url":"https:\/\/msig-europe.be\/fr","push-errors":false,"_links":{"self":[{"href":"https:\/\/msig-europe.be\/fr\/wp-json\/wp\/v2\/msa_product\/114","targetHints":{"allow":["GET"]}}],"collection":[{"href":"https:\/\/msig-europe.be\/fr\/wp-json\/wp\/v2\/msa_product"}],"about":[{"href":"https:\/\/msig-europe.be\/fr\/wp-json\/wp\/v2\/types\/msa_product"}],"wp:featuredmedia":[{"embeddable":true,"href":"https:\/\/msig-europe.be\/fr\/wp-json\/wp\/v2\/media\/232"}],"wp:attachment":[{"href":"https:\/\/msig-europe.be\/fr\/wp-json\/wp\/v2\/media?parent=114"}],"wp:term":[{"taxonomy":"msa_insurance_type_tax","embeddable":true,"href":"https:\/\/msig-europe.be\/fr\/wp-json\/wp\/v2\/msa_insurance_type_tax?post=114"},{"taxonomy":"msa_internal_label","embeddable":true,"href":"https:\/\/msig-europe.be\/fr\/wp-json\/wp\/v2\/msa_internal_label?post=114"}],"curies":[{"name":"wp","href":"https:\/\/api.w.org\/{rel}","templated":true}]}}