{"id":55,"date":"2023-11-23T18:50:30","date_gmt":"2023-11-23T17:50:30","guid":{"rendered":"https:\/\/msig-europe.be\/fr\/?post_type=msa_product&#038;p=55"},"modified":"2025-11-28T13:35:18","modified_gmt":"2025-11-28T12:35:18","slug":"fleet","status":"publish","type":"msa_product","link":"https:\/\/msig-europe.be\/fr\/produits\/fleet\/","title":{"rendered":"Fleet"},"content":{"rendered":"\n\t<div data-name=\"acf\/block-hero\" class=\"alignwide\" >\n\t\t<div data-component=\"hero-image-square\" class=\"flex flex-col gap-8 mt-8 break-words lg:gap-12 xl:gap-44 lg:items-center lg:flex-row lg:mb-12 text-zoom-md:flex-col\">\n\t<div class=\"lg:max-w-[38.75rem]\">\n\t\t<div\n\t\t\tdata-module=\"animate\"\n\t\t\tclass=\"duration-300 translate-y-6 opacity-0\"\n\t\t\tdata-animate-classes=\"[&quot;opacity-100!&quot;,&quot;translate-y-0!&quot;]\"\n\t\t\tdata-animate-after=\"100\"\n\t\t>\n\t\t\t<h1 class=\"mb-3 text-xl font-normal sm:text-2xl lg:text-3xl md:mb-6 font-heading\">Fleet<\/h1>\n\t\t<\/div>\n\n\t\t\t<\/div>\n\n\t<div class=\"mx-auto lg:mt-8 lg:order-first xl:shrink-0 lg:mx-0 xl:ml-12\">\n\t\t<div class=\"max-w-[25rem]\">\n\t\t\t<div class=\"relative\">\n\t<div\n\t\tdata-module=\"animate\"\n\t\tdata-animate-classes=\"[&quot;opacity-100!&quot;,&quot;scale-100!&quot;]\"\n\t\tclass=\"relative p-10 duration-500 scale-75 opacity-0 image:aspect-square image:rounded-full image:w-full image:h-full image:object-cover\"\n\t>\n\t\t<img fetchpriority=\"high\" decoding=\"async\" width=\"990\" height=\"990\" src=\"https:\/\/msig-europe.be\/fr\/wp-content\/uploads\/sites\/4\/2023\/12\/FleetOfCars-990x990.webp\" class=\"attachment-large-square size-large-square\" alt=\"\" loading=\"eager\" sizes=\"(max-width: 1023px) 320px, 600px\" srcset=\"https:\/\/msig-europe.be\/fr\/wp-content\/uploads\/sites\/4\/2023\/12\/FleetOfCars-990x990.webp 990w, https:\/\/msig-europe.be\/fr\/wp-content\/uploads\/sites\/4\/2023\/12\/FleetOfCars-150x150.webp 150w, https:\/\/msig-europe.be\/fr\/wp-content\/uploads\/sites\/4\/2023\/12\/FleetOfCars-495x495.webp 495w\" \/>\n\t<\/div>\n\t<img\n\t\tdata-module=\"animate\"\n\t\tdata-animate-classes=\"[&quot;rotate-0!&quot;]\"\n\t\tclass=\"absolute inset-0 object-cover w-full h-full duration-500 -rotate-12 z-[1]\"\n\t\tsrc=\"https:\/\/msig-europe.be\/fr\/wp-content\/themes\/msig-europe\/public\/svg\/hero-shape.svg\"\n\t\twidth=\"630\"\n\t\theight=\"630\"\n\t\talt=\"\"\n\t\/>\n<\/div>\n\t\t<\/div>\n\t<\/div>\n<\/div>\n\t<\/div>\n\n\n\n<p>Notre offre d\u2019assurance mobilit\u00e9 s\u2019adresse aux flottes d\u2019entreprises de toutes taille. Elle offre une protection compl\u00e8te.<\/p>\n\n\n\n\t<div data-name=\"acf\/block-usps\" class=\"alignfull block\" >\n\t\t<div class=\"relative py-6 md:py-14 bg-base-100 xl:md:py-[90px]\">\n\n\t\t\t<div class=\"absolute -right-[220px] -top-[80px] xl:-top-[120px] pointer-events-none\" aria-hidden=\"true\">\n\t\t\t\t<svg aria-hidden=\"true\" class=\"w-[360px] h-[360px] xl:w-[440px] xl:h-[440px]\" width=\"50\" height=\"46\" viewBox=\"0 0 400 370\" fill=\"none\" xmlns=\"http:\/\/www.w3.org\/2000\/svg\"><path d=\"M197.788 369.7c-14.8 0-29.5-4.9-42.6-14.5-23.2-17.2-47.201-37.1-74.1-62.6-26.9-25.5-47.9-48.1-66-70.1-20-24.2-20.4-54.7.5-78.2 18.5-21.6 39.9-44 67.3-69 27.3-25 51.699-44.5 75.199-61.3 13-9.3 27.701-14 42.301-14 14.7 0 29.3 4.8 42 14.6 23.2 17.2 47.299 37.2 74.199 62.7s48.001 48.2 66.101 70.1c21.3 25.8 21 52.9-.8 78.3-18.5 21.6-39.901 43.9-67.301 69-27.4 25-51.599 44.5-75.199 61.2-12.8 9.3-27.2 13.8-41.6 13.8Z\" fill=\"#1B1464\" fill-opacity=\".07\"\/><\/svg>\n\n\t\t\t\t<svg aria-hidden=\"true\" class=\"relative w-[110px] h-[110px] -top-[335px] left-[5px] xl:h-[140px] xl:w-[140px] xl:-top-[425px]\" width=\"50\" height=\"46\" viewBox=\"0 0 400 370\" fill=\"none\" xmlns=\"http:\/\/www.w3.org\/2000\/svg\"><path d=\"M197.788 369.7c-14.8 0-29.5-4.9-42.6-14.5-23.2-17.2-47.201-37.1-74.1-62.6-26.9-25.5-47.9-48.1-66-70.1-20-24.2-20.4-54.7.5-78.2 18.5-21.6 39.9-44 67.3-69 27.3-25 51.699-44.5 75.199-61.3 13-9.3 27.701-14 42.301-14 14.7 0 29.3 4.8 42 14.6 23.2 17.2 47.299 37.2 74.199 62.7s48.001 48.2 66.101 70.1c21.3 25.8 21 52.9-.8 78.3-18.5 21.6-39.901 43.9-67.301 69-27.4 25-51.599 44.5-75.199 61.2-12.8 9.3-27.2 13.8-41.6 13.8Z\" fill=\"#1B1464\" fill-opacity=\".07\"\/><\/svg>\n\t\t\t<\/div>\n\n\t\t\t<div class=\"ll-container\">\n\t\t\t\t\t\t\t\t\n\t\t\t\t<div class=\"flex flex-col gap-8 xl:grid xl:grid-cols-12\">\n\t\t\t\t\t<h2 class=\"text-xl font-light text-marine md:text-2xl xl:text-3xl break-words xl:col-span-3 sm:max-w-4xl lg:max-w-5xl\">Nos atouts<\/h2>\n\n\t\t\t\t\t\t\t\t\t\t\n\t\t\t\t\t<ul class=\"grid grid-cols-1 gap-8 md:grid-cols-2 xl:gap-y-16 xl:gap-x-8 xl:col-span-9\">\n\t\t\t\t\t\t\t\t\t\t\t\t\t<li>\n\t\t\t\t\t\t\t\t<div data-component=\"USP\" class=\"flex items-start w-full gap-4 break-words\">\n\t<div class=\"relative w-[56px] h-[52px] xl:w-[75px] xl:h-[69px]\">\n\t\t<svg aria-hidden=\"true\" class=\"w-[56px] h-[52px] xl:w-[75px] xl:h-[69px]\" width=\"76\" height=\"72\" viewBox=\"0 0 76 72\" fill=\"none\" xmlns=\"http:\/\/www.w3.org\/2000\/svg\"><path d=\"m4.04 42.282-.003-.003c-3.376-4.114-3.41-9.146.06-13.074l.01-.01.009-.01c3.488-4.101 7.527-8.359 12.709-13.12l.002-.001c5.163-4.76 9.77-8.467 14.203-11.658C33.266 2.796 35.766 2 38.221 2c2.467 0 4.929.808 7.091 2.488l.012.01.011.008c4.375 3.266 8.926 7.067 14.014 11.924 5.092 4.86 9.074 9.175 12.484 13.329 1.865 2.274 2.688 4.483 2.667 6.58-.022 2.099-.891 4.293-2.801 6.533l-.001.001c-3.486 4.099-7.525 8.337-12.71 13.12-5.186 4.764-9.754 8.469-14.198 11.635l-.008.006-.007.005C42.587 69.24 40.149 70 37.725 70c-2.479 0-4.973-.824-7.231-2.49-4.374-3.265-8.905-7.047-13.992-11.902-5.091-4.86-9.054-9.154-12.463-13.326Z\"  stroke=\"#E11F27\" stroke-width=\"3\" fill=\"transparent\"\/><\/svg>\n\n\t\t<div class=\"absolute -translate-x-1\/2 -translate-y-1\/2 top-1\/2 left-1\/2\">\n\t\t\t<span class=\"icon icon-check-fat text-md xl:text-lg text-marine\" aria-hidden=\"true\"><svg width=\"24\" height=\"24\" viewBox=\"0 0 24 24\" xmlns=\"http:\/\/www.w3.org\/2000\/svg\"><path fill-rule=\"evenodd\" clip-rule=\"evenodd\" d=\"M20.81 5.94a1.5 1.5 0 0 1 0 2.12l-10.5 10.5a1.5 1.5 0 0 1-2.12 0l-5.25-5.25a1.5 1.5 0 0 1 2.12-2.12l4.19 4.189 9.44-9.44a1.5 1.5 0 0 1 2.12 0Z\"\/><\/svg>\n<\/span>\n\t\t<\/div>\n\t<\/div>\n\t<div class=\"flex flex-col min-w-0 gap-2\">\n\t\t<h3 class=\"font-semibold text-md xl:text-lg\">Une couverture compl\u00e8te :<\/h3>\n\t\t<div class=\"ll-wysiwyg-small\">\n\t\t\t<p>un ensemble de solutions pour prot\u00e9ger votre flotte et les conducteurs \u00e0 360\u00b0.<\/p>\n\n\t\t<\/div>\n\t<\/div>\n<\/div>\n\t\t\t\t\t\t\t<\/li>\n\t\t\t\t\t\t\t\t\t\t\t\t\t<li>\n\t\t\t\t\t\t\t\t<div data-component=\"USP\" class=\"flex items-start w-full gap-4 break-words\">\n\t<div class=\"relative w-[56px] h-[52px] xl:w-[75px] xl:h-[69px]\">\n\t\t<svg aria-hidden=\"true\" class=\"w-[56px] h-[52px] xl:w-[75px] xl:h-[69px]\" width=\"76\" height=\"72\" viewBox=\"0 0 76 72\" fill=\"none\" xmlns=\"http:\/\/www.w3.org\/2000\/svg\"><path d=\"m4.04 42.282-.003-.003c-3.376-4.114-3.41-9.146.06-13.074l.01-.01.009-.01c3.488-4.101 7.527-8.359 12.709-13.12l.002-.001c5.163-4.76 9.77-8.467 14.203-11.658C33.266 2.796 35.766 2 38.221 2c2.467 0 4.929.808 7.091 2.488l.012.01.011.008c4.375 3.266 8.926 7.067 14.014 11.924 5.092 4.86 9.074 9.175 12.484 13.329 1.865 2.274 2.688 4.483 2.667 6.58-.022 2.099-.891 4.293-2.801 6.533l-.001.001c-3.486 4.099-7.525 8.337-12.71 13.12-5.186 4.764-9.754 8.469-14.198 11.635l-.008.006-.007.005C42.587 69.24 40.149 70 37.725 70c-2.479 0-4.973-.824-7.231-2.49-4.374-3.265-8.905-7.047-13.992-11.902-5.091-4.86-9.054-9.154-12.463-13.326Z\"  stroke=\"#E11F27\" stroke-width=\"3\" fill=\"transparent\"\/><\/svg>\n\n\t\t<div class=\"absolute -translate-x-1\/2 -translate-y-1\/2 top-1\/2 left-1\/2\">\n\t\t\t<span class=\"icon icon-check-fat text-md xl:text-lg text-marine\" aria-hidden=\"true\"><svg width=\"24\" height=\"24\" viewBox=\"0 0 24 24\" xmlns=\"http:\/\/www.w3.org\/2000\/svg\"><path fill-rule=\"evenodd\" clip-rule=\"evenodd\" d=\"M20.81 5.94a1.5 1.5 0 0 1 0 2.12l-10.5 10.5a1.5 1.5 0 0 1-2.12 0l-5.25-5.25a1.5 1.5 0 0 1 2.12-2.12l4.19 4.189 9.44-9.44a1.5 1.5 0 0 1 2.12 0Z\"\/><\/svg>\n<\/span>\n\t\t<\/div>\n\t<\/div>\n\t<div class=\"flex flex-col min-w-0 gap-2\">\n\t\t<h3 class=\"font-semibold text-md xl:text-lg\">Des solutions standard ou sur-mesure.<\/h3>\n\t\t<div class=\"ll-wysiwyg-small\">\n\t\t\t\n\t\t<\/div>\n\t<\/div>\n<\/div>\n\t\t\t\t\t\t\t<\/li>\n\t\t\t\t\t\t\t\t\t\t\t\t\t<li>\n\t\t\t\t\t\t\t\t<div data-component=\"USP\" class=\"flex items-start w-full gap-4 break-words\">\n\t<div class=\"relative w-[56px] h-[52px] xl:w-[75px] xl:h-[69px]\">\n\t\t<svg aria-hidden=\"true\" class=\"w-[56px] h-[52px] xl:w-[75px] xl:h-[69px]\" width=\"76\" height=\"72\" viewBox=\"0 0 76 72\" fill=\"none\" xmlns=\"http:\/\/www.w3.org\/2000\/svg\"><path d=\"m4.04 42.282-.003-.003c-3.376-4.114-3.41-9.146.06-13.074l.01-.01.009-.01c3.488-4.101 7.527-8.359 12.709-13.12l.002-.001c5.163-4.76 9.77-8.467 14.203-11.658C33.266 2.796 35.766 2 38.221 2c2.467 0 4.929.808 7.091 2.488l.012.01.011.008c4.375 3.266 8.926 7.067 14.014 11.924 5.092 4.86 9.074 9.175 12.484 13.329 1.865 2.274 2.688 4.483 2.667 6.58-.022 2.099-.891 4.293-2.801 6.533l-.001.001c-3.486 4.099-7.525 8.337-12.71 13.12-5.186 4.764-9.754 8.469-14.198 11.635l-.008.006-.007.005C42.587 69.24 40.149 70 37.725 70c-2.479 0-4.973-.824-7.231-2.49-4.374-3.265-8.905-7.047-13.992-11.902-5.091-4.86-9.054-9.154-12.463-13.326Z\"  stroke=\"#E11F27\" stroke-width=\"3\" fill=\"transparent\"\/><\/svg>\n\n\t\t<div class=\"absolute -translate-x-1\/2 -translate-y-1\/2 top-1\/2 left-1\/2\">\n\t\t\t<span class=\"icon icon-check-fat text-md xl:text-lg text-marine\" aria-hidden=\"true\"><svg width=\"24\" height=\"24\" viewBox=\"0 0 24 24\" xmlns=\"http:\/\/www.w3.org\/2000\/svg\"><path fill-rule=\"evenodd\" clip-rule=\"evenodd\" d=\"M20.81 5.94a1.5 1.5 0 0 1 0 2.12l-10.5 10.5a1.5 1.5 0 0 1-2.12 0l-5.25-5.25a1.5 1.5 0 0 1 2.12-2.12l4.19 4.189 9.44-9.44a1.5 1.5 0 0 1 2.12 0Z\"\/><\/svg>\n<\/span>\n\t\t<\/div>\n\t<\/div>\n\t<div class=\"flex flex-col min-w-0 gap-2\">\n\t\t<h3 class=\"font-semibold text-md xl:text-lg\">Une gestion professionnelle et efficace des sinistres : <\/h3>\n\t\t<div class=\"ll-wysiwyg-small\">\n\t\t\t<p>votre satisfaction est notre priorit\u00e9 absolue. Un r\u00e9seau de r\u00e9parateurs agr\u00e9\u00e9s est \u00e0 votre disposition.<\/p>\n\n\t\t<\/div>\n\t<\/div>\n<\/div>\n\t\t\t\t\t\t\t<\/li>\n\t\t\t\t\t\t\t\t\t\t\t<\/ul>\n\t\t\t\t<\/div>\n\t\t\t<\/div>\n\n\t\t\t<div class=\"absolute -left-[150px] -bottom-[80px] md:-left-[120px] md:-bottom-[60px] xl:-left-[180px] pointer-events-none\" aria-hidden=\"true\">\n\t\t\t\t<svg aria-hidden=\"true\" class=\"w-[300px] h-[300px] xl:w-[400px] xl:h-[400px]\" width=\"50\" height=\"46\" viewBox=\"0 0 400 370\" fill=\"none\" xmlns=\"http:\/\/www.w3.org\/2000\/svg\"><path d=\"M197.788 369.7c-14.8 0-29.5-4.9-42.6-14.5-23.2-17.2-47.201-37.1-74.1-62.6-26.9-25.5-47.9-48.1-66-70.1-20-24.2-20.4-54.7.5-78.2 18.5-21.6 39.9-44 67.3-69 27.3-25 51.699-44.5 75.199-61.3 13-9.3 27.701-14 42.301-14 14.7 0 29.3 4.8 42 14.6 23.2 17.2 47.299 37.2 74.199 62.7s48.001 48.2 66.101 70.1c21.3 25.8 21 52.9-.8 78.3-18.5 21.6-39.901 43.9-67.301 69-27.4 25-51.599 44.5-75.199 61.2-12.8 9.3-27.2 13.8-41.6 13.8Z\" fill=\"#1B1464\" fill-opacity=\".07\"\/><\/svg>\n\t\t\t<\/div>\n\t\t<\/div>\n\t<\/div>\n\n\n\n<h2 class=\"wp-block-heading\">Nos solutions d&rsquo;assurances<\/h2>\n\n\n\n<ul class=\"wp-block-list\">\n<li><strong>RC Auto<\/strong> : l\u2019assurance l\u00e9galement obligatoire, qui couvre la responsabilit\u00e9 civile pour les dommages caus\u00e9s \u00e0 des tiers suite \u00e0 l\u2019utilisation des v\u00e9hicules de la flotte de votre entreprise.<\/li>\n<\/ul>\n\n\n\n<ul class=\"wp-block-list\">\n<li>En compl\u00e9ment possible de la RC: \n<ul class=\"wp-block-list\">\n<li><strong>La Protection juridique <\/strong>pour disposer <strong>de conseils et d\u2019assistance juridiques<\/strong>\u202f.<\/li>\n\n\n\n<li><strong>Superior Driver <\/strong>en cas de dommages corporel au conducteur.&nbsp;&nbsp;<\/li>\n\n\n\n<li><strong>L\u2019assistance au v\u00e9hicule\/personnes<\/strong>.<\/li>\n<\/ul>\n<\/li>\n\n\n\n<li><strong>Superior car <\/strong>pour assurer les dommages aux v\u00e9hicules (Casco complet ou Casco partiel).<\/li>\n<\/ul>\n\n\n\n<p>Nous assurons les flottes comprenant tous types de v\u00e9hicules : voitures, camionnettes, camions, v\u00e9hicules sp\u00e9ciaux et mat\u00e9riel roulant, nouvelles mobilit\u00e9s\u2026&nbsp;<\/p>\n\n\n\n<p><strong>Parlez-en \u00e0 votre courtier.<\/strong>&nbsp;<\/p>\n\n\n\n<h2 class=\"wp-block-heading\">Un accident\/dommage avec votre v\u00e9hicule ?&nbsp;&nbsp;<\/h2>\n\n\n\n<p>MSIG Europe et votre courtier vous assistent tout au long de la gestion de votre sinistre.\u00a0<\/p>\n\n\n\n<p>Prenez contact par mail via <a href=\"mailto:claims.national.be@dekra.com\" target=\"_blank\" rel=\"noreferrer noopener\">claims.national.be@dekra.com<\/a> pour un nouveau sinistre ou un accident existant. Si vous avez besoin de l\u2019assistance imm\u00e9diate, t\u00e9l\u00e9phonez au 078\/158000 ou \u00e0 votre courtier.&nbsp;<\/p>\n\n\n\n<p>En cas d\u2019accident avec un tiers, n\u2019oubliez pas de remplir le constat d\u2019accident europ\u00e9en.&nbsp;<\/p>\n\n\n\n<h3 class=\"wp-block-heading\">Choisissez un r\u00e9parateur agr\u00e9\u00e9 et b\u00e9n\u00e9ficiez d&rsquo; avantages suppl\u00e9mentaires<\/h3>\n\n\n\n<p>MSIG Europe collabore avec un r\u00e9seau performant de r\u00e9parateurs agr\u00e9\u00e9s qui vous permettent de b\u00e9n\u00e9ficier d\u2019avantages suppl\u00e9mentaires, que vous soyez en droit ou en tort.\u00a0<\/p>\n\n\n\n<p><strong>V\u00e9hicule de remplacement gratuit : <\/strong>un v\u00e9hicule de remplacement gratuit est mis \u00e0 votre disposition pendant toute la dur\u00e9e de la r\u00e9paration.&nbsp;<\/p>\n\n\n\n<p><strong>Service fluide : <\/strong>le r\u00e9parateur agr\u00e9\u00e9 vous contacte dans les 24 heures pour prendre rendez-vous et convient d&rsquo;une date commune pour faire la r\u00e9paration.<\/p>\n\n\n\n<p><strong>Syst\u00e8me de tiers payant : <\/strong>si le dommage au v\u00e9hicule est assur\u00e9, MSIG Europe paie la facture directement au r\u00e9parateur agr\u00e9\u00e9, apr\u00e8s d\u00e9duction de la franchise et de la TVA r\u00e9cup\u00e9rable.\u00a0<\/p>\n\n\n\n\t<div data-name=\"acf\/block-featured-links\" class=\"alignwide block\" >\n\n\t\t<div class=\"flex flex-col gap-4\">\n\t\t\t\n\t\t\t<ul class=\"flex flex-wrap gap-4\">\n\t\t\t\t\t\t\t\t\t<li>\n\t\t\t\t\t\t\n\n\n\n\n\n<a\n\tclass=\"group hocus:no-underline btn btn-outline  \"\n\t\t\thref=\"https&#x3A;&#x2F;&#x2F;msig-europe.be&#x2F;fr&#x2F;trouvez-votre-reparateur-agree&#x2F;\"\n\t\t\t\t\t\t\t\t\t\t\t\t\t>\n\t\n\t\t\t<span data-button-text class=\"group-hover:underline group-focus-visible:underline group-active:no-underline!\">\n\t\t\tTrouvez votre r\u00e9parateur agr\u00e9\u00e9\n\t\t<\/span>\n\n\t\t\n\t\n\t\n\t\t\t\n\t\t\t\t\t\n\t\n\t\t\t<span class=\"transition-transform group-hover:translate-x-0.5 group-focus-visible:translate-x-0.5 flex items-center justify-center icon group-expanded:hidden\" aria-hidden=\"true\"><svg width=\"24\" height=\"24\" viewBox=\"0 0 24 24\" xmlns=\"http:\/\/www.w3.org\/2000\/svg\"><path d=\"m21.046 12.796-6.75 6.75a1.127 1.127 0 1 1-1.594-1.594l4.83-4.827H3.75a1.125 1.125 0 1 1 0-2.25h13.781l-4.827-4.83a1.127 1.127 0 1 1 1.594-1.594l6.75 6.75a1.125 1.125 0 0 1-.002 1.595Z\"\/><\/svg>\n<\/span>\n\n\t\t\t\n\t<\/a>\n\t\t\t\t\t<\/li>\n\t\t\t\t\t\t\t<\/ul>\n\t\t<\/div>\n\t<\/div>\n\n\n\n<h3 class=\"wp-block-heading\">Bris de glace (vitre avant, arri\u00e8re et lat\u00e9rale<strong>)<\/strong>&nbsp;<\/h3>\n\n\n\n<p>Vous pouvez contacter notre partenaire Carglass:&nbsp;<\/p>\n\n\n\n<ul class=\"wp-block-list\">\n<li>0800 166 16 (ou 00800 136 36 000 depuis l\u2019\u00e9tranger)&nbsp;<\/li>\n\n\n\n<li>Online via le site <a href=\"http:\/\/www.carglass.be\/\" target=\"_blank\" rel=\"noreferrer noopener\">www.carglass.be<\/a>&nbsp;<\/li>\n<\/ul>\n\n\n\n<p>Si votre garage est \u00e9quip\u00e9 de lumi\u00e8re et d\u2019\u00e9lectricit\u00e9, Carglass peut venir effectuer les r\u00e9parations sur place.<\/p>\n\n\n\n<p>Lorsque vous avez souscrit la garantie Bris de vitres, vous ne devez rien avancer. Carglass s\u2019occupe de la facture directement avec MSIG Europe.\u00a0<\/p>\n\n\n\n\t<div data-name=\"acf\/block-featured-links\" class=\"alignwide block\" >\n\n\t\t<div class=\"flex flex-col gap-4\">\n\t\t\t\t\t\t\t<h2 class=\"font-semibold text-md lg:text-lg\">En savoir plus<\/h2>\n\t\t\t\n\t\t\t<ul class=\"flex flex-wrap gap-4\">\n\t\t\t\t\t\t\t\t\t<li>\n\t\t\t\t\t\t\n\n\n\n\n\n<a\n\tclass=\"group hocus:no-underline btn btn-outline  \"\n\t\t\thref=\"https&#x3A;&#x2F;&#x2F;msig-europe.be&#x2F;fr&#x2F;fleet-documents&#x2F;\"\n\t\t\t\t\t\t\t\t\t\t\t\t\t>\n\t\n\t\t\t<span data-button-text class=\"group-hover:underline group-focus-visible:underline group-active:no-underline!\">\n\t\t\tFleet \u2013 Documents\n\t\t<\/span>\n\n\t\t\n\t\n\t\n\t\t\t\n\t\t\t\t\t\n\t\n\t\t\t<span class=\"transition-transform group-hover:translate-x-0.5 group-focus-visible:translate-x-0.5 flex items-center justify-center icon group-expanded:hidden\" aria-hidden=\"true\"><svg width=\"24\" height=\"24\" viewBox=\"0 0 24 24\" xmlns=\"http:\/\/www.w3.org\/2000\/svg\"><path d=\"m21.046 12.796-6.75 6.75a1.127 1.127 0 1 1-1.594-1.594l4.83-4.827H3.75a1.125 1.125 0 1 1 0-2.25h13.781l-4.827-4.83a1.127 1.127 0 1 1 1.594-1.594l6.75 6.75a1.125 1.125 0 0 1-.002 1.595Z\"\/><\/svg>\n<\/span>\n\n\t\t\t\n\t<\/a>\n\t\t\t\t\t<\/li>\n\t\t\t\t\t\t\t\t\t<li>\n\t\t\t\t\t\t\n\n\n\n\n\n<a\n\tclass=\"group hocus:no-underline btn btn-outline  \"\n\t\t\thref=\"https&#x3A;&#x2F;&#x2F;msig-europe.be&#x2F;fr&#x2F;espace-courtiers&#x2F;\"\n\t\t\t\t\t\t\t\t\t\t\t\t\t>\n\t\n\t\t\t<span data-button-text class=\"group-hover:underline group-focus-visible:underline group-active:no-underline!\">\n\t\t\tEspace courtiers\n\t\t<\/span>\n\n\t\t\n\t\n\t\n\t\t\t\n\t\t\t\t\t\n\t\n\t\t\t<span class=\"transition-transform group-hover:translate-x-0.5 group-focus-visible:translate-x-0.5 flex items-center justify-center icon group-expanded:hidden\" aria-hidden=\"true\"><svg width=\"24\" height=\"24\" viewBox=\"0 0 24 24\" xmlns=\"http:\/\/www.w3.org\/2000\/svg\"><path d=\"m21.046 12.796-6.75 6.75a1.127 1.127 0 1 1-1.594-1.594l4.83-4.827H3.75a1.125 1.125 0 1 1 0-2.25h13.781l-4.827-4.83a1.127 1.127 0 1 1 1.594-1.594l6.75 6.75a1.125 1.125 0 0 1-.002 1.595Z\"\/><\/svg>\n<\/span>\n\n\t\t\t\n\t<\/a>\n\t\t\t\t\t<\/li>\n\t\t\t\t\t\t\t<\/ul>\n\t\t<\/div>\n\t<\/div>\n","protected":false},"excerpt":{"rendered":"<p>Notre offre d\u2019assurance mobilit\u00e9 s\u2019adresse aux flottes d\u2019entreprises de toutes taille. Elle offre une protection compl\u00e8te. Nos solutions d&rsquo;assurances Nous assurons les flottes comprenant tous types de v\u00e9hicules : voitures, camionnettes, camions, v\u00e9hicules sp\u00e9ciaux et mat\u00e9riel roulant, nouvelles mobilit\u00e9s\u2026&nbsp; Parlez-en \u00e0 votre courtier.&nbsp; Un accident\/dommage avec votre v\u00e9hicule ?&nbsp;&nbsp; MSIG Europe et votre courtier vous [&hellip;]<\/p>\n","protected":false},"featured_media":182,"parent":0,"menu_order":0,"template":"","meta":{"_acf_changed":false,"editor_notices":[]},"msa_insurance_type_tax":[10],"msa_internal_label":[6],"class_list":["post-55","msa_product","type-msa_product","status-publish","has-post-thumbnail","hentry","msa_insurance_type_tax-fleet","msa_internal_label-end-client"],"acf":[],"yoast_head":"<!-- This site is optimized with the Yoast SEO plugin v27.3 - https:\/\/yoast.com\/product\/yoast-seo-wordpress\/ -->\n<title>Assurance Flotte Professionnelle : prot\u00e9gez votre parc automobile - MSIG Europe<\/title>\n<meta name=\"description\" content=\"Simplifiez la gestion de votre parc automobile gr\u00e2ce \u00e0 une assurance flotte sur mesure. Une couverture adapt\u00e9e \u00e0 vos v\u00e9hicules professionnels.\" \/>\n<meta name=\"robots\" content=\"index, follow, max-snippet:-1, max-image-preview:large, max-video-preview:-1\" \/>\n<link rel=\"canonical\" href=\"https:\/\/msig-europe.be\/fr\/produits\/fleet\/\" \/>\n<meta property=\"og:locale\" content=\"fr_FR\" \/>\n<meta property=\"og:type\" content=\"article\" \/>\n<meta property=\"og:title\" content=\"Assurance Flotte Professionnelle : prot\u00e9gez votre parc automobile - MSIG Europe\" \/>\n<meta property=\"og:description\" content=\"Simplifiez la gestion de votre parc automobile gr\u00e2ce \u00e0 une assurance flotte sur mesure. Une couverture adapt\u00e9e \u00e0 vos v\u00e9hicules professionnels.\" \/>\n<meta property=\"og:url\" content=\"https:\/\/msig-europe.be\/fr\/produits\/fleet\/\" \/>\n<meta property=\"og:site_name\" content=\"MSIG Europe\" \/>\n<meta property=\"article:modified_time\" content=\"2025-11-28T12:35:18+00:00\" \/>\n<meta property=\"og:image\" content=\"https:\/\/msig-europe.be\/fr\/wp-content\/uploads\/sites\/4\/2023\/12\/FleetOfCars.webp\" \/>\n\t<meta property=\"og:image:width\" content=\"2121\" \/>\n\t<meta property=\"og:image:height\" content=\"1414\" \/>\n\t<meta property=\"og:image:type\" content=\"image\/webp\" \/>\n<meta name=\"twitter:card\" content=\"summary_large_image\" \/>\n<meta name=\"twitter:label1\" content=\"Dur\u00e9e de lecture est.\" \/>\n\t<meta name=\"twitter:data1\" content=\"2 minutes\" \/>\n<script type=\"application\/ld+json\" class=\"yoast-schema-graph\">{\"@context\":\"https:\\\/\\\/schema.org\",\"@graph\":[{\"@type\":\"WebPage\",\"@id\":\"https:\\\/\\\/msig-europe.be\\\/fr\\\/produits\\\/fleet\\\/\",\"url\":\"https:\\\/\\\/msig-europe.be\\\/fr\\\/produits\\\/fleet\\\/\",\"name\":\"Assurance Flotte Professionnelle : prot\u00e9gez votre parc automobile - MSIG Europe\",\"isPartOf\":{\"@id\":\"https:\\\/\\\/msig-europe.be\\\/fr\\\/#website\"},\"primaryImageOfPage\":{\"@id\":\"https:\\\/\\\/msig-europe.be\\\/fr\\\/produits\\\/fleet\\\/#primaryimage\"},\"image\":{\"@id\":\"https:\\\/\\\/msig-europe.be\\\/fr\\\/produits\\\/fleet\\\/#primaryimage\"},\"thumbnailUrl\":\"https:\\\/\\\/msig-europe.be\\\/fr\\\/wp-content\\\/uploads\\\/sites\\\/4\\\/2023\\\/12\\\/FleetOfCars.webp\",\"datePublished\":\"2023-11-23T17:50:30+00:00\",\"dateModified\":\"2025-11-28T12:35:18+00:00\",\"description\":\"Simplifiez la gestion de votre parc automobile gr\u00e2ce \u00e0 une assurance flotte sur mesure. Une couverture adapt\u00e9e \u00e0 vos v\u00e9hicules professionnels.\",\"breadcrumb\":{\"@id\":\"https:\\\/\\\/msig-europe.be\\\/fr\\\/produits\\\/fleet\\\/#breadcrumb\"},\"inLanguage\":\"fr-BE\",\"potentialAction\":[{\"@type\":\"ReadAction\",\"target\":[\"https:\\\/\\\/msig-europe.be\\\/fr\\\/produits\\\/fleet\\\/\"]}]},{\"@type\":\"ImageObject\",\"inLanguage\":\"fr-BE\",\"@id\":\"https:\\\/\\\/msig-europe.be\\\/fr\\\/produits\\\/fleet\\\/#primaryimage\",\"url\":\"https:\\\/\\\/msig-europe.be\\\/fr\\\/wp-content\\\/uploads\\\/sites\\\/4\\\/2023\\\/12\\\/FleetOfCars.webp\",\"contentUrl\":\"https:\\\/\\\/msig-europe.be\\\/fr\\\/wp-content\\\/uploads\\\/sites\\\/4\\\/2023\\\/12\\\/FleetOfCars.webp\",\"width\":2121,\"height\":1414},{\"@type\":\"BreadcrumbList\",\"@id\":\"https:\\\/\\\/msig-europe.be\\\/fr\\\/produits\\\/fleet\\\/#breadcrumb\",\"itemListElement\":[{\"@type\":\"ListItem\",\"position\":1,\"name\":\"Accueil\",\"item\":\"https:\\\/\\\/msig-europe.be\\\/fr\\\/\"},{\"@type\":\"ListItem\",\"position\":2,\"name\":\"Solutions\",\"item\":\"https:\\\/\\\/msig-europe.be\\\/fr\\\/produits\\\/\"},{\"@type\":\"ListItem\",\"position\":3,\"name\":\"Fleet\"}]},{\"@type\":\"WebSite\",\"@id\":\"https:\\\/\\\/msig-europe.be\\\/fr\\\/#website\",\"url\":\"https:\\\/\\\/msig-europe.be\\\/fr\\\/\",\"name\":\"MSIG Europe\",\"description\":\"Building trust together\",\"publisher\":{\"@id\":\"https:\\\/\\\/msig-europe.be\\\/fr\\\/#organization\"},\"alternateName\":\"MSIG Europe\",\"potentialAction\":[{\"@type\":\"SearchAction\",\"target\":{\"@type\":\"EntryPoint\",\"urlTemplate\":\"https:\\\/\\\/msig-europe.be\\\/fr\\\/?s={search_term_string}\"},\"query-input\":{\"@type\":\"PropertyValueSpecification\",\"valueRequired\":true,\"valueName\":\"search_term_string\"}}],\"inLanguage\":\"fr-BE\"},{\"@type\":\"Organization\",\"@id\":\"https:\\\/\\\/msig-europe.be\\\/fr\\\/#organization\",\"name\":\"MSIG Europe\",\"alternateName\":\"MSIG Europe\",\"url\":\"https:\\\/\\\/msig-europe.be\\\/fr\\\/\",\"logo\":{\"@type\":\"ImageObject\",\"inLanguage\":\"fr-BE\",\"@id\":\"https:\\\/\\\/msig-europe.be\\\/fr\\\/#\\\/schema\\\/logo\\\/image\\\/\",\"url\":\"https:\\\/\\\/msig-europe.be\\\/fr\\\/wp-content\\\/uploads\\\/sites\\\/4\\\/2025\\\/06\\\/MSIG_Europe_standard_CMYK_png-scaled.png\",\"contentUrl\":\"https:\\\/\\\/msig-europe.be\\\/fr\\\/wp-content\\\/uploads\\\/sites\\\/4\\\/2025\\\/06\\\/MSIG_Europe_standard_CMYK_png-scaled.png\",\"width\":2560,\"height\":1017,\"caption\":\"MSIG Europe\"},\"image\":{\"@id\":\"https:\\\/\\\/msig-europe.be\\\/fr\\\/#\\\/schema\\\/logo\\\/image\\\/\"}}]}<\/script>\n<!-- \/ Yoast SEO plugin. -->","yoast_head_json":{"title":"Assurance Flotte Professionnelle : prot\u00e9gez votre parc automobile - MSIG Europe","description":"Simplifiez la gestion de votre parc automobile gr\u00e2ce \u00e0 une assurance flotte sur mesure. Une couverture adapt\u00e9e \u00e0 vos v\u00e9hicules professionnels.","robots":{"index":"index","follow":"follow","max-snippet":"max-snippet:-1","max-image-preview":"max-image-preview:large","max-video-preview":"max-video-preview:-1"},"canonical":"https:\/\/msig-europe.be\/fr\/produits\/fleet\/","og_locale":"fr_FR","og_type":"article","og_title":"Assurance Flotte Professionnelle : prot\u00e9gez votre parc automobile - MSIG Europe","og_description":"Simplifiez la gestion de votre parc automobile gr\u00e2ce \u00e0 une assurance flotte sur mesure. Une couverture adapt\u00e9e \u00e0 vos v\u00e9hicules professionnels.","og_url":"https:\/\/msig-europe.be\/fr\/produits\/fleet\/","og_site_name":"MSIG Europe","article_modified_time":"2025-11-28T12:35:18+00:00","og_image":[{"width":2121,"height":1414,"url":"https:\/\/msig-europe.be\/fr\/wp-content\/uploads\/sites\/4\/2023\/12\/FleetOfCars.webp","type":"image\/webp"}],"twitter_card":"summary_large_image","twitter_misc":{"Dur\u00e9e de lecture est.":"2 minutes"},"schema":{"@context":"https:\/\/schema.org","@graph":[{"@type":"WebPage","@id":"https:\/\/msig-europe.be\/fr\/produits\/fleet\/","url":"https:\/\/msig-europe.be\/fr\/produits\/fleet\/","name":"Assurance Flotte Professionnelle : prot\u00e9gez votre parc automobile - MSIG Europe","isPartOf":{"@id":"https:\/\/msig-europe.be\/fr\/#website"},"primaryImageOfPage":{"@id":"https:\/\/msig-europe.be\/fr\/produits\/fleet\/#primaryimage"},"image":{"@id":"https:\/\/msig-europe.be\/fr\/produits\/fleet\/#primaryimage"},"thumbnailUrl":"https:\/\/msig-europe.be\/fr\/wp-content\/uploads\/sites\/4\/2023\/12\/FleetOfCars.webp","datePublished":"2023-11-23T17:50:30+00:00","dateModified":"2025-11-28T12:35:18+00:00","description":"Simplifiez la gestion de votre parc automobile gr\u00e2ce \u00e0 une assurance flotte sur mesure. Une couverture adapt\u00e9e \u00e0 vos v\u00e9hicules professionnels.","breadcrumb":{"@id":"https:\/\/msig-europe.be\/fr\/produits\/fleet\/#breadcrumb"},"inLanguage":"fr-BE","potentialAction":[{"@type":"ReadAction","target":["https:\/\/msig-europe.be\/fr\/produits\/fleet\/"]}]},{"@type":"ImageObject","inLanguage":"fr-BE","@id":"https:\/\/msig-europe.be\/fr\/produits\/fleet\/#primaryimage","url":"https:\/\/msig-europe.be\/fr\/wp-content\/uploads\/sites\/4\/2023\/12\/FleetOfCars.webp","contentUrl":"https:\/\/msig-europe.be\/fr\/wp-content\/uploads\/sites\/4\/2023\/12\/FleetOfCars.webp","width":2121,"height":1414},{"@type":"BreadcrumbList","@id":"https:\/\/msig-europe.be\/fr\/produits\/fleet\/#breadcrumb","itemListElement":[{"@type":"ListItem","position":1,"name":"Accueil","item":"https:\/\/msig-europe.be\/fr\/"},{"@type":"ListItem","position":2,"name":"Solutions","item":"https:\/\/msig-europe.be\/fr\/produits\/"},{"@type":"ListItem","position":3,"name":"Fleet"}]},{"@type":"WebSite","@id":"https:\/\/msig-europe.be\/fr\/#website","url":"https:\/\/msig-europe.be\/fr\/","name":"MSIG Europe","description":"Building trust together","publisher":{"@id":"https:\/\/msig-europe.be\/fr\/#organization"},"alternateName":"MSIG Europe","potentialAction":[{"@type":"SearchAction","target":{"@type":"EntryPoint","urlTemplate":"https:\/\/msig-europe.be\/fr\/?s={search_term_string}"},"query-input":{"@type":"PropertyValueSpecification","valueRequired":true,"valueName":"search_term_string"}}],"inLanguage":"fr-BE"},{"@type":"Organization","@id":"https:\/\/msig-europe.be\/fr\/#organization","name":"MSIG Europe","alternateName":"MSIG Europe","url":"https:\/\/msig-europe.be\/fr\/","logo":{"@type":"ImageObject","inLanguage":"fr-BE","@id":"https:\/\/msig-europe.be\/fr\/#\/schema\/logo\/image\/","url":"https:\/\/msig-europe.be\/fr\/wp-content\/uploads\/sites\/4\/2025\/06\/MSIG_Europe_standard_CMYK_png-scaled.png","contentUrl":"https:\/\/msig-europe.be\/fr\/wp-content\/uploads\/sites\/4\/2025\/06\/MSIG_Europe_standard_CMYK_png-scaled.png","width":2560,"height":1017,"caption":"MSIG Europe"},"image":{"@id":"https:\/\/msig-europe.be\/fr\/#\/schema\/logo\/image\/"}}]}},"distributor_meta":false,"distributor_terms":false,"distributor_media":false,"distributor_original_site_name":"MSIG Europe","distributor_original_site_url":"https:\/\/msig-europe.be\/fr","push-errors":false,"_links":{"self":[{"href":"https:\/\/msig-europe.be\/fr\/wp-json\/wp\/v2\/msa_product\/55","targetHints":{"allow":["GET"]}}],"collection":[{"href":"https:\/\/msig-europe.be\/fr\/wp-json\/wp\/v2\/msa_product"}],"about":[{"href":"https:\/\/msig-europe.be\/fr\/wp-json\/wp\/v2\/types\/msa_product"}],"wp:featuredmedia":[{"embeddable":true,"href":"https:\/\/msig-europe.be\/fr\/wp-json\/wp\/v2\/media\/182"}],"wp:attachment":[{"href":"https:\/\/msig-europe.be\/fr\/wp-json\/wp\/v2\/media?parent=55"}],"wp:term":[{"taxonomy":"msa_insurance_type_tax","embeddable":true,"href":"https:\/\/msig-europe.be\/fr\/wp-json\/wp\/v2\/msa_insurance_type_tax?post=55"},{"taxonomy":"msa_internal_label","embeddable":true,"href":"https:\/\/msig-europe.be\/fr\/wp-json\/wp\/v2\/msa_internal_label?post=55"}],"curies":[{"name":"wp","href":"https:\/\/api.w.org\/{rel}","templated":true}]}}