{"id":45,"date":"2023-11-23T18:45:14","date_gmt":"2023-11-23T17:45:14","guid":{"rendered":"https:\/\/msig-europe.be\/fr\/?page_id=45"},"modified":"2025-06-18T12:20:18","modified_gmt":"2025-06-18T10:20:18","slug":"human-rights-policy","status":"publish","type":"page","link":"https:\/\/msig-europe.be\/fr\/human-rights-policy\/","title":{"rendered":"Human Rights Policy"},"content":{"rendered":"\n<p>Le pr\u00e9sent document expose la politique de MSIG Europe SE en mati\u00e8re de droits de l&rsquo;homme.<\/p>\n\n\n\n<h2 class=\"wp-block-heading\">Objectif et contexte du document<\/h2>\n\n\n\n<p>D\u00e9finir la politique en mati\u00e8re de droits de l&rsquo;homme pour les employ\u00e9s\/travailleurs, les partenaires et les clients de MSIG Europe. Ce document a \u00e9t\u00e9 cr\u00e9\u00e9 en janvier 2023 en tant que nouvelle politique et mis \u00e0 jour sur en octobre 2024.<\/p>\n\n\n\n<h2 class=\"wp-block-heading\">Public vis\u00e9<\/h2>\n\n\n\n<p>La politique expos\u00e9e dans le pr\u00e9sent document s&rsquo;applique :<\/p>\n\n\n\n<ul class=\"wp-block-list\">\n<li>Tout le personnel de MSIG Europe, les contractants, les consultants, les travailleurs int\u00e9rimaires, les travailleurs d\u00e9tach\u00e9s et les fournisseurs travaillant pour MSIG Europe ou en son nom \u00e0 quelque titre que ce soit.<\/li>\n\n\n\n<li>les clients et les partenaires de distribution (courtiers, preneurs d&rsquo;assurance) avec lesquels MSIG Europe travaille<\/li>\n<\/ul>\n\n\n\n<p>Cette politique d\u00e9finit la position de MSIG Europe en ce qui concerne les droits de l&rsquo;homme et l&rsquo;esclavage moderne.<\/p>\n\n\n\n<h2 class=\"wp-block-heading\">Propri\u00e9t\u00e9 des documents<\/h2>\n\n\n\n<p>La responsabilit\u00e9 de cette politique incombe au comit\u00e9 de gestion de l&rsquo;EM AISE. La politique est r\u00e9examin\u00e9e par le responsable de la strat\u00e9gie et du d\u00e9veloppement durable\/le GSE et le responsable des ressources humaines conjointement au moins une fois par an ou plus fr\u00e9quemment si n\u00e9cessaire.<br>Les r\u00e9visions de cette politique doivent \u00eatre approuv\u00e9es par le comit\u00e9 de gestion de l&rsquo;AISE. Le propri\u00e9taire de ce document est charg\u00e9 de veiller \u00e0 ce que :<\/p>\n\n\n\n<ul class=\"wp-block-list\">\n<li>Le contenu de ce document, y compris les traductions, reste complet, exact et \u00e0 jour et il est lu par tous les membres du personnel concern\u00e9s.<\/li>\n\n\n\n<li>Le processus de r\u00e9vision est achev\u00e9 conform\u00e9ment au calendrier appropri\u00e9.<\/li>\n\n\n\n<li>Les bureaux locaux disposent de processus et de proc\u00e9dures pour mettre en \u0153uvre les politiques pertinentes. Ils doivent \u00eatre stock\u00e9s de mani\u00e8re centralis\u00e9e et \u00eatre accessibles \u00e0 l&rsquo;ensemble du personnel.<\/li>\n<\/ul>\n\n\n\n<p>Une attestation annuelle est faite pour certifier que les dispositions ci-dessus ont \u00e9t\u00e9 .<\/p>\n\n\n\n<h2 class=\"wp-block-heading\">Modifications du pr\u00e9sent document<\/h2>\n\n\n\n<p>Toutes les r\u00e9visions et modifications apport\u00e9es \u00e0 ce document doivent \u00eatre g\u00e9r\u00e9es conform\u00e9ment exigences \u00e9nonc\u00e9es dans le cadre des politiques et proc\u00e9dures.<\/p>\n\n\n\n<h2 class=\"wp-block-heading\">Introduction<\/h2>\n\n\n\n<p>MSIG Europe estime que chacun m\u00e9rite d&rsquo;\u00eatre trait\u00e9 avec \u00e9quit\u00e9, respect, \u00e9galit\u00e9 et dignit\u00e9, et le respect des droits de l&rsquo;homme fait partie int\u00e9grante de ses valeurs. MSIG Europe s&rsquo;engage \u00e0 agir de mani\u00e8re \u00e9thique et int\u00e8gre, en tant qu&#8217;employeur et dans toutes ses relations professionnelles. \u00c0 cette fin, MS AISE reconna\u00eet sa responsabilit\u00e9 dans le respect et la promotion des droits de l&rsquo;homme et s&rsquo;efforce d&rsquo;agir conform\u00e9ment aux normes internationalement reconnues en mati\u00e8re de droits de l&rsquo;homme, notamment la Charte internationale des droits de l&rsquo;homme, les 10 principes du Pacte mondial des Nations unies, la d\u00e9claration de l&rsquo;Organisation internationale du travail (OIT) sur les principes et droits fondamentaux au travail et les principes directeurs des Nations unies relatifs aux entreprises et aux droits de l&rsquo;homme, en les int\u00e9grant \u00e0 son mode de fonctionnement.<\/p>\n\n\n\n<p>MSIG Europe s&rsquo;efforce de ne pas se rendre complice de violations des droits de l&rsquo;homme et faire respecter les droits de l&rsquo;homme de son personnel et de toute autre personne avec laquelle elle est en contact, directement ou indirectement, par exemple ses fournisseurs et ses partenaires commerciaux.<\/p>\n\n\n\n<h2 class=\"wp-block-heading\">Objectif<\/h2>\n\n\n\n<p>La politique de MSIG Europe en mati\u00e8re de droits de l&rsquo;homme vise \u00e0 d\u00e9finir ses responsabilit\u00e9s et celles des personnes travaillant en son nom dans le respect et la d\u00e9fense de sa position sur le trafic d&rsquo;\u00eatres humains et l&rsquo;esclavage moderne. Cette politique vise \u00e0 d\u00e9finir les attentes et les principes de MS AISE, qui sous-tendent son engagement en faveur des droits de l&rsquo;homme, et \u00e0 garantir que MS AISE continue \u00e0 faire une diff\u00e9rence positive et durable dans la vie des personnes avec lesquelles elle travaille et interagit.<\/p>\n\n\n\n<p>L&rsquo;objectif de cette politique est de faire prendre conscience \u00e0 toute personne travaillant \u00e0 ou avec MSIG Europe que le harc\u00e8lement et la discrimination sont des pratiques inacceptables et incompatibles avec les normes de MSIG Europe, ainsi qu&rsquo;une violation de la loi. MSIG Europe s&rsquo;engage \u00e0 fournir un environnement exempt de violations des droits de l&rsquo;homme, o\u00f9 tous les individus sont trait\u00e9s avec respect et dignit\u00e9, peuvent contribuer pleinement et ont des chances \u00e9gales.<br>L&rsquo;objectif de cette politique est de cr\u00e9er un climat de compr\u00e9hension et de respect mutuel de la dignit\u00e9 et de la valeur de chaque personne, afin que chaque employ\u00e9 ait le sentiment de faire partie de la communaut\u00e9 et de pouvoir y contribuer. Chacun de nos employ\u00e9s est tenu de se conformer \u00e0 cette politique des droits de l&rsquo;homme.<\/p>\n\n\n\n<p>En vertu de la DUDH, toute personne a le droit d&rsquo;\u00eatre \u00e0 l&rsquo;abri du harc\u00e8lement et de la discrimination. Tous les \u00eatres humains naissent libres et \u00e9gaux en dignit\u00e9 et en droits. Nos employ\u00e9s sont prot\u00e9g\u00e9s contre les violations des droits de l&rsquo;homme commises par leurs coll\u00e8gues et la direction ; ils sont \u00e9galement prot\u00e9g\u00e9s contre les actions d&rsquo;autres personnes qui interviennent dans le contexte de l&#8217;emploi, telles que les clients, les courtiers ou les prestataires de services externes. Les employ\u00e9s sont prot\u00e9g\u00e9s lorsqu&rsquo;ils se trouvent en dehors du site de travail ou en dehors des heures de travail normales, lorsque les activit\u00e9s sont li\u00e9es \u00e0 leur travail.<br>Cette politique et les actions de MSIG Europe qui s&rsquo;y rapportent visent \u00e9galement \u00e0 prot\u00e9ger contre les violations des droits de l&rsquo;homme par les employ\u00e9s de MSIG Europe et toutes les personnes travaillant chez des clients, des courtiers ou des prestataires de services externes avec lesquels MSIG Europe est en relation.<\/p>\n\n\n\n<p>Pour l&rsquo;essentiel, l&rsquo;MSIG Europe sera :<\/p>\n\n\n\n<ul class=\"wp-block-list\">\n<li>S&rsquo;efforcer d&rsquo;\u00e9viter de causer ou de contribuer \u00e0 causer des impacts n\u00e9gatifs sur les droits de l&rsquo;homme par le biais de ses propres activit\u00e9s et traiter ces impacts, s&rsquo;ils se produisent, de mani\u00e8re opportune et appropri\u00e9e.<\/li>\n\n\n\n<li>Chercher \u00e0 pr\u00e9venir ou \u00e0 att\u00e9nuer les incidences n\u00e9gatives sur les droits de l&rsquo;homme qui sont directement li\u00e9es \u00e0 ses activit\u00e9s, produits et services par le biais de ses relations d&rsquo;affaires.<\/li>\n\n\n\n<li>Pr\u00e9voir ou coop\u00e9rer \u00e0 leur rem\u00e9diation par des processus l\u00e9gitimes, si elle a identifi\u00e9 qu&rsquo;elle peut avoir caus\u00e9 ou contribu\u00e9 \u00e0 des impacts n\u00e9gatifs sur les droits de l&rsquo;homme.<\/li>\n\n\n\n<li>Continuer \u00e0 chercher des moyens de soutenir la promotion des droits de l&rsquo;homme dans toutes les op\u00e9rations qui rel\u00e8vent de sa sph\u00e8re d&rsquo;influence.<\/li>\n<\/ul>\n\n\n\n<h2 class=\"wp-block-heading\">Principes de base<\/h2>\n\n\n\n<p>Les d\u00e9clarations ci-dessous s&rsquo;inspirent de la Charte internationale des droits de l&rsquo;homme et de la D\u00e9claration de l&rsquo;OIT relative aux principes et droits fondamentaux au travail et r\u00e9sument les principes fondamentaux de l&rsquo;MSIG Europe en mati\u00e8re de droits de l&rsquo;homme.<\/p>\n\n\n\n<h3 class=\"wp-block-heading\">Diversit\u00e9 et inclusion<\/h3>\n\n\n\n<p>Nous valorisons et promouvons la diversit\u00e9 et l&rsquo;inclusion des personnes avec lesquelles nous travaillons. Nous nous engageons en faveur de l&rsquo;\u00e9galit\u00e9 des chances et nous sommes intol\u00e9rants \u00e0 l&rsquo;\u00e9gard de la discrimination et du harc\u00e8lement. Nous nous effor\u00e7ons de maintenir un environnement de travail exempt de toute discrimination ou harc\u00e8lement fond\u00e9 sur la race, le sexe, la couleur, l&rsquo;origine nationale ou sociale, l&rsquo;appartenance ethnique, la religion, l&rsquo;\u00e2ge, le handicap, l&rsquo;orientation sexuelle, l&rsquo;identification ou l&rsquo;expression du genre, l&rsquo;opinion politique ou tout autre statut prot\u00e9g\u00e9 par la loi applicable. Nous ne tol\u00e9rons aucun comportement irrespectueux ou inappropri\u00e9, aucun traitement injuste ni aucune forme de repr\u00e9sailles et nous nous engageons pleinement \u00e0 \u00e9liminer la discrimination en mati\u00e8re de recrutement, de formation et de conditions de travail.<\/p>\n\n\n\n<h3 class=\"wp-block-heading\">Libert\u00e9 d&rsquo;association et de pens\u00e9e<\/h3>\n\n\n\n<p>MSIG Europe reconna\u00eet l&rsquo;importance du dialogue avec ses employ\u00e9s sur leur environnement de travail et prend activement des mesures pour recueillir l&rsquo;avis des employ\u00e9s sur leur travail au sein de MS AISE par le biais d&rsquo;enqu\u00eates confidentielles r\u00e9guli\u00e8res et dans le cadre de comit\u00e9s de dialogue social locaux.<\/p>\n\n\n\n<p>Nous respectons le droit de nos employ\u00e9s \u00e0 adh\u00e9rer \u00e0 un comit\u00e9 d&rsquo;entreprise ou \u00e0 un syndicat, ou \u00e0 en former un, sans crainte de repr\u00e9sailles, d&rsquo;intimidation ou de harc\u00e8lement. Lorsque les employ\u00e9s sont repr\u00e9sent\u00e9s par un syndicat l\u00e9galement reconnu, nous nous engageons \u00e0 \u00e9tablir un dialogue constructif avec leurs repr\u00e9sentants librement choisis. MSIG Europe s&rsquo;engage \u00e0 n\u00e9gocier de bonne foi avec ces repr\u00e9sentants.<\/p>\n\n\n\n<h3 class=\"wp-block-heading\">S\u00e9curit\u00e9 sur le lieu de travail<\/h3>\n\n\n\n<p>Nous nous engageons \u00e0 maintenir un lieu de travail exempt de violence, de harc\u00e8lement, d&rsquo;intimidation et d&rsquo;autres conditions dangereuses ou perturbatrices dues \u00e0 des menaces internes et externes, de sorte que la vie priv\u00e9e et la dignit\u00e9 des employ\u00e9s soient pr\u00e9serv\u00e9es.<\/p>\n\n\n\n<h3 class=\"wp-block-heading\">Sant\u00e9 et s\u00e9curit\u00e9<\/h3>\n\n\n\n<p>La sant\u00e9 et la s\u00e9curit\u00e9 de nos employ\u00e9s rev\u00eatent une grande importance. Notre politique consiste \u00e0 fournir un lieu de travail s\u00fbr et sain et \u00e0 respecter les lois et r\u00e8glements applicables en mati\u00e8re de sant\u00e9 et de s\u00e9curit\u00e9, ainsi que les exigences internes. Nous nous effor\u00e7ons de fournir et de maintenir un lieu de travail s\u00fbr, sain et productif, en consultation avec nos employ\u00e9s, en traitant et en rem\u00e9diant aux risques identifi\u00e9s d&rsquo;accidents, de blessures et d&rsquo;impacts sur la sant\u00e9, le cas \u00e9ch\u00e9ant.<\/p>\n\n\n\n<h3 class=\"wp-block-heading\">Travail forc\u00e9 et travail des enfants \/ Traite des \u00eatres humains<\/h3>\n\n\n\n<p>MSIG Europe ne recourra pas au travail des enfants et se conformera \u00e0 toutes les lois pertinentes et applicables en la mati\u00e8re.<\/p>\n\n\n\n<p>regard. MSIG Europe soutient les apprentissages l\u00e9gitimes sur le lieu de travail et d&rsquo;autres programmes similaires pour les jeunes afin de les initier au monde du travail, dans le respect des lois et des r\u00e9glementations en vigueur. MSIG Europe ne tol\u00e8re pas non plus la traite des \u00eatres humains ou le recours au travail forc\u00e9, \u00e0 la servitude ou au travail involontaire.<\/p>\n\n\n\n<h3 class=\"wp-block-heading\">Conditions d&#8217;emploi<\/h3>\n\n\n\n<p>MSIG Europe fournit \u00e0 l&rsquo;ensemble de son personnel des contrats de travail clairs qui d\u00e9taillent les conditions d&#8217;emploi de son personnel. MS AISE se conforme \u00e0 toutes les lois applicables en ce qui concerne ses pratiques en mati\u00e8re d&#8217;emploi.<\/p>\n\n\n\n<h3 class=\"wp-block-heading\">R\u00e9mun\u00e9ration<\/h3>\n\n\n\n<p>MSIG Europe offre des salaires et des avantages conformes aux normes nationales. MSIG Europes&rsquo;engage \u00e0 assurer l&rsquo;\u00e9galit\u00e9 de r\u00e9mun\u00e9ration et d&rsquo;avantages entre les hommes et les femmes pour un travail de valeur \u00e9gale.<\/p>\n\n\n\n<h3 class=\"wp-block-heading\">Griefs et rem\u00e9diation<\/h3>\n\n\n\n<p>Le harc\u00e8lement et la discrimination ne seront ni tol\u00e9r\u00e9s, ni excus\u00e9s, ni ignor\u00e9s au sein de l&rsquo;MSIG Europe. Lorsqu&rsquo;une violation des droits de l&rsquo;homme est identifi\u00e9e, MSIG Europe travaille avec toutes les parties concern\u00e9es afin d&rsquo;offrir \u00e0 la victime un acc\u00e8s \u00e0 la r\u00e9paration et \u00e0 la justice. MSIG Europe s&rsquo;engage \u00e0 veiller \u00e0 ce que tout comportement contraire \u00e0 l&rsquo;\u00e9thique soit d\u00e9nonc\u00e9 et dispose d&rsquo;une politique et d&rsquo;un processus \u00ab\u00a0Speak Up\u00a0\u00bb qu&rsquo;elle encourage tous les membres du personnel \u00e0 utiliser pour faire part de leurs pr\u00e9occupations \u00e9ventuelles.<br>L&rsquo;MSIG Europe enqu\u00eatera, traitera et r\u00e9pondra aux pr\u00e9occupations des employ\u00e9s et toute personne soulevant une pr\u00e9occupation sinc\u00e8re qui est dans l&rsquo;int\u00e9r\u00eat public sera prot\u00e9g\u00e9e contre la victimisation ou les repr\u00e9sailles.<\/p>\n\n\n\n<h3 class=\"wp-block-heading\">Responsabilit\u00e9 op\u00e9rationnelle et suivi<\/h3>\n\n\n\n<p>Le comit\u00e9 de gestion de l&rsquo;EM MSIG Europe est charg\u00e9 de contr\u00f4ler le respect de cette politique. Toutefois, la responsabilit\u00e9 op\u00e9rationnelle a \u00e9t\u00e9 d\u00e9l\u00e9gu\u00e9e au chef des ressources humaines afin de garantir la mise en \u0153uvre des mesures de contr\u00f4le du respect de cette politique. En outre, le chef des ressources humaines fait office de contr\u00f4leur des droits de l&rsquo;homme de l&rsquo;MSIG Europe, comme l&rsquo;exige sa soci\u00e9t\u00e9 m\u00e8re, MS&amp;AD, et il est la personne de contact ultime pour toute question ou pr\u00e9occupation li\u00e9e aux droits de l&rsquo;homme. L&rsquo;MSIG Europe reconna\u00eet que les impacts sur les droits de l&rsquo;homme peuvent se d\u00e9velopper et changer au fil du temps. MSIG Europe r\u00e9examinera r\u00e9guli\u00e8rement sa politique en mati\u00e8re de droits de l&rsquo;homme pour en v\u00e9rifier la pertinence et l&rsquo;efficacit\u00e9 et rem\u00e9diera \u00e0 toute lacune si n\u00e9cessaire.<\/p>\n\n\n\n<p><\/p>\n","protected":false},"excerpt":{"rendered":"<p>Le pr\u00e9sent document expose la politique de MSIG Europe SE en mati\u00e8re de droits de l&rsquo;homme. Objectif et contexte du document D\u00e9finir la politique en mati\u00e8re de droits de l&rsquo;homme pour les employ\u00e9s\/travailleurs, les partenaires et les clients de MSIG Europe. Ce document a \u00e9t\u00e9 cr\u00e9\u00e9 en janvier 2023 en tant que nouvelle politique et [&hellip;]<\/p>\n","protected":false},"author":3,"featured_media":0,"parent":0,"menu_order":0,"comment_status":"closed","ping_status":"closed","template":"","meta":{"_acf_changed":false,"editor_notices":[],"footnotes":""},"class_list":["post-45","page","type-page","status-publish","hentry"],"acf":[],"yoast_head":"<!-- This site is optimized with the Yoast SEO plugin v27.3 - https:\/\/yoast.com\/product\/yoast-seo-wordpress\/ -->\n<title>Human Rights Policy - MSIG Europe<\/title>\n<meta name=\"robots\" content=\"index, follow, max-snippet:-1, max-image-preview:large, max-video-preview:-1\" \/>\n<link rel=\"canonical\" href=\"https:\/\/msig-europe.be\/fr\/human-rights-policy\/\" \/>\n<meta property=\"og:locale\" content=\"fr_FR\" \/>\n<meta property=\"og:type\" content=\"article\" \/>\n<meta property=\"og:title\" content=\"Human Rights Policy - MSIG Europe\" \/>\n<meta property=\"og:description\" content=\"Le pr\u00e9sent document expose la politique de MSIG Europe SE en mati\u00e8re de droits de l&rsquo;homme. Objectif et contexte du document D\u00e9finir la politique en mati\u00e8re de droits de l&rsquo;homme pour les employ\u00e9s\/travailleurs, les partenaires et les clients de MSIG Europe. Ce document a \u00e9t\u00e9 cr\u00e9\u00e9 en janvier 2023 en tant que nouvelle politique et [&hellip;]\" \/>\n<meta property=\"og:url\" content=\"https:\/\/msig-europe.be\/fr\/human-rights-policy\/\" \/>\n<meta property=\"og:site_name\" content=\"MSIG Europe\" \/>\n<meta property=\"article:modified_time\" content=\"2025-06-18T10:20:18+00:00\" \/>\n<meta property=\"og:image\" content=\"https:\/\/msig-europe.be\/fr\/wp-content\/uploads\/sites\/4\/2025\/06\/Standard-image.webp\" \/>\n\t<meta property=\"og:image:width\" content=\"1920\" \/>\n\t<meta property=\"og:image:height\" content=\"1080\" \/>\n\t<meta property=\"og:image:type\" content=\"image\/webp\" \/>\n<meta name=\"twitter:card\" content=\"summary_large_image\" \/>\n<meta name=\"twitter:label1\" content=\"Dur\u00e9e de lecture est.\" \/>\n\t<meta name=\"twitter:data1\" content=\"10 minutes\" \/>\n<script type=\"application\/ld+json\" class=\"yoast-schema-graph\">{\"@context\":\"https:\\\/\\\/schema.org\",\"@graph\":[{\"@type\":\"WebPage\",\"@id\":\"https:\\\/\\\/msig-europe.be\\\/fr\\\/human-rights-policy\\\/\",\"url\":\"https:\\\/\\\/msig-europe.be\\\/fr\\\/human-rights-policy\\\/\",\"name\":\"Human Rights Policy - MSIG Europe\",\"isPartOf\":{\"@id\":\"https:\\\/\\\/msig-europe.be\\\/fr\\\/#website\"},\"datePublished\":\"2023-11-23T17:45:14+00:00\",\"dateModified\":\"2025-06-18T10:20:18+00:00\",\"breadcrumb\":{\"@id\":\"https:\\\/\\\/msig-europe.be\\\/fr\\\/human-rights-policy\\\/#breadcrumb\"},\"inLanguage\":\"fr-BE\",\"potentialAction\":[{\"@type\":\"ReadAction\",\"target\":[\"https:\\\/\\\/msig-europe.be\\\/fr\\\/human-rights-policy\\\/\"]}]},{\"@type\":\"BreadcrumbList\",\"@id\":\"https:\\\/\\\/msig-europe.be\\\/fr\\\/human-rights-policy\\\/#breadcrumb\",\"itemListElement\":[{\"@type\":\"ListItem\",\"position\":1,\"name\":\"Accueil\",\"item\":\"https:\\\/\\\/msig-europe.be\\\/fr\\\/\"},{\"@type\":\"ListItem\",\"position\":2,\"name\":\"Human Rights Policy\"}]},{\"@type\":\"WebSite\",\"@id\":\"https:\\\/\\\/msig-europe.be\\\/fr\\\/#website\",\"url\":\"https:\\\/\\\/msig-europe.be\\\/fr\\\/\",\"name\":\"MSIG Europe\",\"description\":\"Building trust together\",\"publisher\":{\"@id\":\"https:\\\/\\\/msig-europe.be\\\/fr\\\/#organization\"},\"alternateName\":\"MSIG Europe\",\"potentialAction\":[{\"@type\":\"SearchAction\",\"target\":{\"@type\":\"EntryPoint\",\"urlTemplate\":\"https:\\\/\\\/msig-europe.be\\\/fr\\\/?s={search_term_string}\"},\"query-input\":{\"@type\":\"PropertyValueSpecification\",\"valueRequired\":true,\"valueName\":\"search_term_string\"}}],\"inLanguage\":\"fr-BE\"},{\"@type\":\"Organization\",\"@id\":\"https:\\\/\\\/msig-europe.be\\\/fr\\\/#organization\",\"name\":\"MSIG Europe\",\"alternateName\":\"MSIG Europe\",\"url\":\"https:\\\/\\\/msig-europe.be\\\/fr\\\/\",\"logo\":{\"@type\":\"ImageObject\",\"inLanguage\":\"fr-BE\",\"@id\":\"https:\\\/\\\/msig-europe.be\\\/fr\\\/#\\\/schema\\\/logo\\\/image\\\/\",\"url\":\"https:\\\/\\\/msig-europe.be\\\/fr\\\/wp-content\\\/uploads\\\/sites\\\/4\\\/2025\\\/06\\\/MSIG_Europe_standard_CMYK_png-scaled.png\",\"contentUrl\":\"https:\\\/\\\/msig-europe.be\\\/fr\\\/wp-content\\\/uploads\\\/sites\\\/4\\\/2025\\\/06\\\/MSIG_Europe_standard_CMYK_png-scaled.png\",\"width\":2560,\"height\":1017,\"caption\":\"MSIG Europe\"},\"image\":{\"@id\":\"https:\\\/\\\/msig-europe.be\\\/fr\\\/#\\\/schema\\\/logo\\\/image\\\/\"}}]}<\/script>\n<!-- \/ Yoast SEO plugin. -->","yoast_head_json":{"title":"Human Rights Policy - MSIG Europe","robots":{"index":"index","follow":"follow","max-snippet":"max-snippet:-1","max-image-preview":"max-image-preview:large","max-video-preview":"max-video-preview:-1"},"canonical":"https:\/\/msig-europe.be\/fr\/human-rights-policy\/","og_locale":"fr_FR","og_type":"article","og_title":"Human Rights Policy - MSIG Europe","og_description":"Le pr\u00e9sent document expose la politique de MSIG Europe SE en mati\u00e8re de droits de l&rsquo;homme. Objectif et contexte du document D\u00e9finir la politique en mati\u00e8re de droits de l&rsquo;homme pour les employ\u00e9s\/travailleurs, les partenaires et les clients de MSIG Europe. Ce document a \u00e9t\u00e9 cr\u00e9\u00e9 en janvier 2023 en tant que nouvelle politique et [&hellip;]","og_url":"https:\/\/msig-europe.be\/fr\/human-rights-policy\/","og_site_name":"MSIG Europe","article_modified_time":"2025-06-18T10:20:18+00:00","og_image":[{"width":1920,"height":1080,"url":"https:\/\/msig-europe.be\/fr\/wp-content\/uploads\/sites\/4\/2025\/06\/Standard-image.webp","type":"image\/webp"}],"twitter_card":"summary_large_image","twitter_misc":{"Dur\u00e9e de lecture est.":"10 minutes"},"schema":{"@context":"https:\/\/schema.org","@graph":[{"@type":"WebPage","@id":"https:\/\/msig-europe.be\/fr\/human-rights-policy\/","url":"https:\/\/msig-europe.be\/fr\/human-rights-policy\/","name":"Human Rights Policy - MSIG Europe","isPartOf":{"@id":"https:\/\/msig-europe.be\/fr\/#website"},"datePublished":"2023-11-23T17:45:14+00:00","dateModified":"2025-06-18T10:20:18+00:00","breadcrumb":{"@id":"https:\/\/msig-europe.be\/fr\/human-rights-policy\/#breadcrumb"},"inLanguage":"fr-BE","potentialAction":[{"@type":"ReadAction","target":["https:\/\/msig-europe.be\/fr\/human-rights-policy\/"]}]},{"@type":"BreadcrumbList","@id":"https:\/\/msig-europe.be\/fr\/human-rights-policy\/#breadcrumb","itemListElement":[{"@type":"ListItem","position":1,"name":"Accueil","item":"https:\/\/msig-europe.be\/fr\/"},{"@type":"ListItem","position":2,"name":"Human Rights Policy"}]},{"@type":"WebSite","@id":"https:\/\/msig-europe.be\/fr\/#website","url":"https:\/\/msig-europe.be\/fr\/","name":"MSIG Europe","description":"Building trust together","publisher":{"@id":"https:\/\/msig-europe.be\/fr\/#organization"},"alternateName":"MSIG Europe","potentialAction":[{"@type":"SearchAction","target":{"@type":"EntryPoint","urlTemplate":"https:\/\/msig-europe.be\/fr\/?s={search_term_string}"},"query-input":{"@type":"PropertyValueSpecification","valueRequired":true,"valueName":"search_term_string"}}],"inLanguage":"fr-BE"},{"@type":"Organization","@id":"https:\/\/msig-europe.be\/fr\/#organization","name":"MSIG Europe","alternateName":"MSIG Europe","url":"https:\/\/msig-europe.be\/fr\/","logo":{"@type":"ImageObject","inLanguage":"fr-BE","@id":"https:\/\/msig-europe.be\/fr\/#\/schema\/logo\/image\/","url":"https:\/\/msig-europe.be\/fr\/wp-content\/uploads\/sites\/4\/2025\/06\/MSIG_Europe_standard_CMYK_png-scaled.png","contentUrl":"https:\/\/msig-europe.be\/fr\/wp-content\/uploads\/sites\/4\/2025\/06\/MSIG_Europe_standard_CMYK_png-scaled.png","width":2560,"height":1017,"caption":"MSIG Europe"},"image":{"@id":"https:\/\/msig-europe.be\/fr\/#\/schema\/logo\/image\/"}}]}},"distributor_meta":false,"distributor_terms":false,"distributor_media":false,"distributor_original_site_name":"MSIG Europe","distributor_original_site_url":"https:\/\/msig-europe.be\/fr","push-errors":false,"_links":{"self":[{"href":"https:\/\/msig-europe.be\/fr\/wp-json\/wp\/v2\/pages\/45","targetHints":{"allow":["GET"]}}],"collection":[{"href":"https:\/\/msig-europe.be\/fr\/wp-json\/wp\/v2\/pages"}],"about":[{"href":"https:\/\/msig-europe.be\/fr\/wp-json\/wp\/v2\/types\/page"}],"author":[{"embeddable":true,"href":"https:\/\/msig-europe.be\/fr\/wp-json\/wp\/v2\/users\/3"}],"replies":[{"embeddable":true,"href":"https:\/\/msig-europe.be\/fr\/wp-json\/wp\/v2\/comments?post=45"}],"version-history":[{"count":8,"href":"https:\/\/msig-europe.be\/fr\/wp-json\/wp\/v2\/pages\/45\/revisions"}],"predecessor-version":[{"id":1299,"href":"https:\/\/msig-europe.be\/fr\/wp-json\/wp\/v2\/pages\/45\/revisions\/1299"}],"wp:attachment":[{"href":"https:\/\/msig-europe.be\/fr\/wp-json\/wp\/v2\/media?parent=45"}],"curies":[{"name":"wp","href":"https:\/\/api.w.org\/{rel}","templated":true}]}}